{"id":27465,"date":"2019-10-22T12:35:00","date_gmt":"2019-10-22T09:35:00","guid":{"rendered":"https:\/\/pan.pics\/ueber-uns\/"},"modified":"2026-04-30T00:42:03","modified_gmt":"2026-04-29T21:42:03","slug":"about","status":"publish","type":"page","link":"https:\/\/pan.pics\/de\/about\/","title":{"rendered":"\u00dcber uns"},"content":{"rendered":"\t\t<div data-elementor-type=\"wp-page\" data-elementor-id=\"27465\" class=\"elementor elementor-27465 elementor-1446\">\n\t\t\t\t\t\t<section class=\"elementor-section elementor-top-section elementor-element elementor-element-b82305f elementor-section-content-middle elementor-reverse-mobile elementor-section-boxed elementor-section-height-default elementor-section-height-default wd-section-disabled\" data-id=\"b82305f\" data-element_type=\"section\" data-e-type=\"section\" data-settings=\"{&quot;background_background&quot;:&quot;classic&quot;}\">\n\t\t\t\t\t\t<div class=\"elementor-container elementor-column-gap-default\">\n\t\t\t\t\t<div class=\"elementor-column elementor-col-50 elementor-top-column elementor-element elementor-element-1c010e7 elementor-invisible\" data-id=\"1c010e7\" data-element_type=\"column\" data-e-type=\"column\" data-settings=\"{&quot;animation&quot;:&quot;fadeInRight&quot;}\">\n\t\t\t<div class=\"elementor-widget-wrap elementor-element-populated\">\n\t\t\t\t\t\t<div class=\"elementor-element elementor-element-461ad90 elementor-widget elementor-widget-heading\" data-id=\"461ad90\" data-element_type=\"widget\" data-e-type=\"widget\" data-widget_type=\"heading.default\">\n\t\t\t\t<div class=\"elementor-widget-container\">\n\t\t\t\t\t<h4 class=\"elementor-heading-title elementor-size-default\">\u00dcber mich<\/h4>\t\t\t\t<\/div>\n\t\t\t\t<\/div>\n\t\t\t\t<div class=\"elementor-element elementor-element-6f4c42b elementor-widget elementor-widget-wd_image_or_svg\" data-id=\"6f4c42b\" data-element_type=\"widget\" data-e-type=\"widget\" data-widget_type=\"wd_image_or_svg.default\">\n\t\t\t\t<div class=\"elementor-widget-container\">\n\t\t\t\t\t\n\t\t<div class=\"wd-image text-right\">\n\t\t\t\t\t\t\t\t<img decoding=\"async\" width=\"300\" height=\"33\" src=\"https:\/\/pan.pics\/wp-content\/uploads\/2023\/10\/divider-300x33.jpg\" class=\"attachment-medium size-medium wp-image-1802\" alt=\"\" srcset=\"https:\/\/pan.pics\/wp-content\/uploads\/2023\/10\/divider-300x33.jpg 300w, https:\/\/pan.pics\/wp-content\/uploads\/2023\/10\/divider-430x47.jpg 430w, https:\/\/pan.pics\/wp-content\/uploads\/2023\/10\/divider-150x16.jpg 150w, https:\/\/pan.pics\/wp-content\/uploads\/2023\/10\/divider.jpg 450w\" sizes=\"(max-width: 300px) 100vw, 300px\" \/>\t\t\t\t\t<\/div>\n\n\t\t\t\t\t\t<\/div>\n\t\t\t\t<\/div>\n\t\t\t\t<div class=\"elementor-element elementor-element-f0364b0 text-right color-scheme-inherit elementor-widget elementor-widget-text-editor\" data-id=\"f0364b0\" data-element_type=\"widget\" data-e-type=\"widget\" data-widget_type=\"text-editor.default\">\n\t\t\t\t<div class=\"elementor-widget-container\">\n\t\t\t\t\t\t\t\t\t<p>Hallo, ich bin Moti Pinhassi, Stadt- und Regionalplaner aus Netanya. Seit vielen Jahren bin ich im Bereich nachhaltige Mobilit\u00e4t aktiv und besch\u00e4ftige mich mit faszinierenden und vielf\u00e4ltigen Verkehrsthemen. Dar\u00fcber hinaus bin ich auch Fotok\u00fcnstler und erstelle beeindruckende handgefertigte Panoramen.  <\/p>\n<p><\/p>\n<p>Seit \u00fcber 25 Jahren erstelle ich handgefertigte Panoramen ohne Verwendung von Photoshop oder anderen digitalen Mitteln. Jedes Panorama besteht aus einzelnen gedruckten Bildern, die manuell zugeschnitten und zu einem gro\u00dfen Werk als Collage zusammengef\u00fcgt werden. Das Ergebnis sind einzigartige, interessante und beeindruckende Panoramabilder, die eine 360-Grad-Landschaft mit geradem Horizont in einem einzigen Blick zeigen \u2013 etwas, das mit blo\u00dfem Auge nicht zu sehen ist.  <\/p>\t\t\t\t\t\t\t\t<\/div>\n\t\t\t\t<\/div>\n\t\t\t\t\t<\/div>\n\t\t<\/div>\n\t\t\t\t<div class=\"elementor-column elementor-col-50 elementor-top-column elementor-element elementor-element-5b899f1 elementor-invisible\" data-id=\"5b899f1\" data-element_type=\"column\" data-e-type=\"column\" data-settings=\"{&quot;animation&quot;:&quot;fadeInLeft&quot;,&quot;animation_delay&quot;:200}\">\n\t\t\t<div class=\"elementor-widget-wrap elementor-element-populated\">\n\t\t\t\t\t\t<div class=\"elementor-element elementor-element-8dc806c elementor-widget elementor-widget-wd_image_or_svg\" data-id=\"8dc806c\" data-element_type=\"widget\" data-e-type=\"widget\" data-widget_type=\"wd_image_or_svg.default\">\n\t\t\t\t<div class=\"elementor-widget-container\">\n\t\t\t\t\t\n\t\t<div class=\"wd-image text-right\">\n\t\t\t\t\t\t\t\t<img fetchpriority=\"high\" decoding=\"async\" width=\"1024\" height=\"654\" src=\"https:\/\/pan.pics\/wp-content\/uploads\/2024\/04\/eilat.jpg\" class=\"attachment-full size-full wp-image-17069\" alt=\"\" srcset=\"https:\/\/pan.pics\/wp-content\/uploads\/2024\/04\/eilat.jpg 1024w, https:\/\/pan.pics\/wp-content\/uploads\/2024\/04\/eilat-400x255.jpg 400w, https:\/\/pan.pics\/wp-content\/uploads\/2024\/04\/eilat-768x491.jpg 768w, https:\/\/pan.pics\/wp-content\/uploads\/2024\/04\/eilat-860x549.jpg 860w, https:\/\/pan.pics\/wp-content\/uploads\/2024\/04\/eilat-430x275.jpg 430w, https:\/\/pan.pics\/wp-content\/uploads\/2024\/04\/eilat-700x447.jpg 700w, https:\/\/pan.pics\/wp-content\/uploads\/2024\/04\/eilat-150x96.jpg 150w\" sizes=\"(max-width: 1024px) 100vw, 1024px\" \/>\t\t\t\t\t<\/div>\n\n\t\t\t\t\t\t<\/div>\n\t\t\t\t<\/div>\n\t\t\t\t\t<\/div>\n\t\t<\/div>\n\t\t\t\t\t<\/div>\n\t\t<\/section>\n\t\t\t\t<section class=\"elementor-section elementor-top-section elementor-element elementor-element-b7619e2 elementor-section-content-middle elementor-reverse-mobile elementor-section-boxed elementor-section-height-default elementor-section-height-default wd-section-disabled\" data-id=\"b7619e2\" data-element_type=\"section\" data-e-type=\"section\" data-settings=\"{&quot;background_background&quot;:&quot;classic&quot;}\">\n\t\t\t\t\t\t<div class=\"elementor-container elementor-column-gap-default\">\n\t\t\t\t\t<div class=\"elementor-column elementor-col-100 elementor-top-column elementor-element elementor-element-10e7a96 elementor-invisible\" data-id=\"10e7a96\" data-element_type=\"column\" data-e-type=\"column\" data-settings=\"{&quot;animation&quot;:&quot;fadeInRight&quot;}\">\n\t\t\t<div class=\"elementor-widget-wrap elementor-element-populated\">\n\t\t\t\t\t\t<div class=\"elementor-element elementor-element-ded7ac1 text-right color-scheme-inherit elementor-widget elementor-widget-text-editor\" data-id=\"ded7ac1\" data-element_type=\"widget\" data-e-type=\"widget\" data-settings=\"{&quot;_animation&quot;:&quot;none&quot;}\" data-widget_type=\"text-editor.default\">\n\t\t\t\t<div class=\"elementor-widget-container\">\n\t\t\t\t\t\t\t\t\t<p><span style=\"font-size: 20px;\">Im Laufe der Jahre habe ich Hunderte von Panoramen mit einer breiten Vielfalt an Landschaften verschiedener Art erstellt \u2013 Meer, urban, Natur, W\u00fcste, Nacht, Winter, Sonnenunterg\u00e4nge und mehr \u2013 aus dem ganzen Land und auch ein wenig aus dem Ausland. Die Bilder k\u00f6nnen in jeder Gr\u00f6\u00dfe bestellt werden und eignen sich f\u00fcr jedes B\u00fcro oder Zuhause. Die Bilder werden auf hochwertigem Fotopapier gedruckt, und am Ende des Prozesses wird das Panorama im Ofen laminiert, um es zu sch\u00fctzen und die Reinigung mit einem feuchten Tuch zu erm\u00f6glichen.  <\/span><\/p><p>Ich bin bestrebt, exzellenten Service zu bieten und Bilder zu erstellen, die genau den Bed\u00fcrfnissen und W\u00fcnschen des Kunden entsprechen, gem\u00e4\u00df der gew\u00fcnschten Atmosph\u00e4re. Die beeindruckenden Panoramen vermitteln erfolgreich ein Gef\u00fchl von Weite und Sch\u00f6nheit in jedem Raum, in dem sie platziert werden, und jedes Panorama, das ich erstelle, ist ein einzigartiges Kunstwerk, das f\u00fcr jeden geeignet ist, der Kunst und hochwertige Fotografie sch\u00e4tzt. <\/p><p>Soweit in K\u00fcrze&#8230; Noch Fragen? Bitte sehr: <\/p><p> <\/p>\t\t\t\t\t\t\t\t<\/div>\n\t\t\t\t<\/div>\n\t\t\t\t<div class=\"elementor-element elementor-element-6ff93c8 elementor-widget elementor-widget-n-accordion\" data-id=\"6ff93c8\" data-element_type=\"widget\" data-e-type=\"widget\" data-settings=\"{&quot;default_state&quot;:&quot;all_collapsed&quot;,&quot;max_items_expended&quot;:&quot;multiple&quot;,&quot;n_accordion_animation_duration&quot;:{&quot;unit&quot;:&quot;ms&quot;,&quot;size&quot;:400,&quot;sizes&quot;:[]}}\" data-widget_type=\"nested-accordion.default\">\n\t\t\t\t<div class=\"elementor-widget-container\">\n\t\t\t\t\t\t\t<div class=\"e-n-accordion\" aria-label=\"Accordion. Open links with Enter or Space, close with Escape, and navigate with Arrow Keys\">\n\t\t\t\t\t\t<details id=\"e-n-accordion-item-1170\" class=\"e-n-accordion-item\" >\n\t\t\t\t<summary class=\"e-n-accordion-item-title\" data-accordion-index=\"1\" tabindex=\"0\" aria-expanded=\"false\" aria-controls=\"e-n-accordion-item-1170\" >\n\t\t\t\t\t<span class='e-n-accordion-item-title-header'><h3 class=\"e-n-accordion-item-title-text\"> Was ist der Erstellungsprozess eines handgefertigten Panoramas? <\/h3><\/span>\n\t\t\t\t\t\t\t<span class='e-n-accordion-item-title-icon'>\n\t\t\t<span class='e-opened' ><i aria-hidden=\"true\" class=\"fas fa-chevron-left\"><\/i><\/span>\n\t\t\t<span class='e-closed'><i aria-hidden=\"true\" class=\"fas fa-chevron-down\"><\/i><\/span>\n\t\t<\/span>\n\n\t\t\t\t\t\t<\/summary>\n\t\t\t\t<div role=\"region\" aria-labelledby=\"e-n-accordion-item-1170\" class=\"elementor-element elementor-element-b8fed4c e-con-full e-flex wd-section-disabled e-con e-child\" data-id=\"b8fed4c\" data-element_type=\"container\" data-e-type=\"container\">\n\t\t\t\t<div class=\"elementor-element elementor-element-b5f5305 color-scheme-inherit text-left elementor-widget elementor-widget-text-editor\" data-id=\"b5f5305\" data-element_type=\"widget\" data-e-type=\"widget\" data-widget_type=\"text-editor.default\">\n\t\t\t\t<div class=\"elementor-widget-container\">\n\t\t\t\t\t\t\t\t\t<p><strong>Der Standort:<\/strong> Am wichtigsten ist die Lage, Lage, Lage. Ich liebe Orte, die aus dem Rahmen der gew\u00f6hnlichen Landschaft fallen, die wir t\u00e4glich sehen. Ob oben \u2013 auf einem <a href=\"\/?tag=\u05de\u05d2\u05d3\u05dc\" target=\"_blank\" rel=\"noopener\">Turm<\/a>, seitlich \u2013 auf einem <a href=\"\/?tag=\u05de\u05d6\u05d7\" target=\"_blank\" rel=\"noopener\">Pier<\/a> oder einem anderen Aussichtspunkt.<br>Wenn ich an einem Ort ankomme, schaue ich mich um und sehe, wo die Landschaft offen ist, welches Element ich in der Mitte des Panoramas haben m\u00f6chte und welches Element an den Seiten des Panoramas sein soll \u2013 und bei 360 Grad erscheint es zweimal.  <\/p><p><strong>Die Aufnahme:<\/strong> Meist drehe ich mich selbst 360 Grad an derselben Stelle, fotografiere mit \u00dcberlappungen von etwa einem Drittel bis zur H\u00e4lfte des Bildes und sorge auch f\u00fcr Bilder, die den Hintergrund vervollst\u00e4ndigen (Himmel, Boden). Manchmal, wenn es sich um ein gro\u00dfes Dach handelt, bewege ich mich um den Umfang des Geb\u00e4udes oder des Ortes. <br>Ich fotografiere gerne angenehme Dinge f\u00fcr das Panorama, wie V\u00f6gel, Busse, Boote und auch Menschen. Und besonders sch\u00f6n ist es, wenn sie sich bewegen und mehrmals im Panorama erscheinen. Manchmal mache ich das absichtlich beim Fotografieren, und manchmal entdecke ich es erst, wenn ich das Panorama zusammensetze.  <br>Neben den Bildern f\u00fcr das Panorama fotografiere ich auch einige interessante Aufnahmen, um sie am Ende des Beitrags hinzuzuf\u00fcgen.<\/p><div id=\"attachment_27493\" style=\"width: 410px\" class=\"wp-caption alignleft\"><a href=\"http:\/\/pan.pics\/wp-content\/uploads\/2024\/04\/work.jpg\" target=\"_blank\" rel=\"noopener\"><img decoding=\"async\" aria-describedby=\"caption-attachment-27493\" class=\"wp-image-17076 size-medium\" src=\"http:\/\/pan.pics\/wp-content\/uploads\/2024\/04\/work-400x266.jpg\" alt=\"Meine Arbeitswerkzeuge\" width=\"400\" height=\"266\" srcset=\"https:\/\/pan.pics\/wp-content\/uploads\/2024\/04\/work-400x266.jpg 400w, https:\/\/pan.pics\/wp-content\/uploads\/2024\/04\/work-768x512.jpg 768w, https:\/\/pan.pics\/wp-content\/uploads\/2024\/04\/work-860x573.jpg 860w, https:\/\/pan.pics\/wp-content\/uploads\/2024\/04\/work-430x286.jpg 430w, https:\/\/pan.pics\/wp-content\/uploads\/2024\/04\/work-700x466.jpg 700w, https:\/\/pan.pics\/wp-content\/uploads\/2024\/04\/work-150x100.jpg 150w, https:\/\/pan.pics\/wp-content\/uploads\/2024\/04\/work.jpg 1153w\" sizes=\"(max-width: 400px) 100vw, 400px\" \/><\/a><p id=\"caption-attachment-27493\" class=\"wp-caption-text\">Meine Arbeitswerkzeuge<\/p><\/div><p><strong>Das Zusammenf\u00fcgen der Bilder:<\/strong> Mein Studio ist mein Zuhause, genauer gesagt der Esstisch, den ich ausziehe, als w\u00fcrde ich den Sederabend vorbereiten \ud83d\ude06 Ich verteile alle einzelnen Bilder auf dem Tisch und platziere jedes in seinem Bereich. Es gibt viele Bilder f\u00fcr jeden Bereich, und ich finde das Bild, das am besten passt oder f\u00fcr den Bereich am interessantesten ist, und f\u00fcge die benachbarten hinzu. Falls n\u00f6tig, schneide ich mit einer Schere oder einem japanischen Messer. Die Bilder klebe ich mit kleinen doppelseitigen Klebestreifen aneinander.   <br>Ein durchschnittliches Panorama besteht aus zwanzig bis drei\u00dfig Bildern, die aus f\u00fcnfzig bis hundert Bildern und manchmal mehr ausgew\u00e4hlt werden. Die Bilder, die nicht f\u00fcr das Panorama ausgew\u00e4hlt wurden, werden in den Recyclingbeh\u00e4lter geworfen, aber alle Dateien bewahre ich auf. <\/p><p>Der gesamte Prozess dauert mehrere gute Stunden. Hier ist ein Video aus einer Live-\u00dcbertragung, die ich auf Facebook gemacht habe, keine Sorge, es ist auf mindestens eine Minute zusammengefasst: <\/p><p><iframe title=\"YouTube-Videoplayer\" src=\"https:\/\/www.youtube.com\/embed\/egxm3YcfaLE?si=uIPlsaYjSPRlMihn\" width=\"560\" height=\"400\" frameborder=\"0\" allowfullscreen=\"allowfullscreen\" data-gtm-yt-inspected-8=\"true\" data-mce-fragment=\"1\"><\/iframe><\/p>\t\t\t\t\t\t\t\t<\/div>\n\t\t\t\t<\/div>\n\t\t\t\t<\/div>\n\t\t\t\t\t<\/details>\n\t\t\t\t\t\t<details id=\"e-n-accordion-item-1171\" class=\"e-n-accordion-item\" >\n\t\t\t\t<summary class=\"e-n-accordion-item-title\" data-accordion-index=\"2\" tabindex=\"-1\" aria-expanded=\"false\" aria-controls=\"e-n-accordion-item-1171\" >\n\t\t\t\t\t<span class='e-n-accordion-item-title-header'><h3 class=\"e-n-accordion-item-title-text\"> Und was ist der Prozess zur Vorbereitung eines riesigen Panoramas f\u00fcr einen Kunden? <\/h3><\/span>\n\t\t\t\t\t\t\t<span class='e-n-accordion-item-title-icon'>\n\t\t\t<span class='e-opened' ><i aria-hidden=\"true\" class=\"fas fa-chevron-left\"><\/i><\/span>\n\t\t\t<span class='e-closed'><i aria-hidden=\"true\" class=\"fas fa-chevron-down\"><\/i><\/span>\n\t\t<\/span>\n\n\t\t\t\t\t\t<\/summary>\n\t\t\t\t<div role=\"region\" aria-labelledby=\"e-n-accordion-item-1171\" class=\"elementor-element elementor-element-dcaa475 e-con-full e-flex wd-section-disabled e-con e-child\" data-id=\"dcaa475\" data-element_type=\"container\" data-e-type=\"container\">\n\t\t\t\t<div class=\"elementor-element elementor-element-5a5b399 color-scheme-inherit text-left elementor-widget elementor-widget-text-editor\" data-id=\"5a5b399\" data-element_type=\"widget\" data-e-type=\"widget\" data-widget_type=\"text-editor.default\">\n\t\t\t\t<div class=\"elementor-widget-container\">\n\t\t\t\t\t\t\t\t\t<div id=\"attachment_27496\" style=\"width: 410px\" class=\"wp-caption alignleft\"><a href=\"http:\/\/pan.pics\/wp-content\/uploads\/2024\/04\/lamination.jpg\" target=\"_blank\" rel=\"noopener\"><img loading=\"lazy\" decoding=\"async\" aria-describedby=\"caption-attachment-27496\" class=\"wp-image-17073 size-medium\" src=\"http:\/\/pan.pics\/wp-content\/uploads\/2024\/04\/lamination-400x300.jpg\" alt=\"Laminierung im Ofen\" width=\"400\" height=\"300\" srcset=\"https:\/\/pan.pics\/wp-content\/uploads\/2024\/04\/lamination-400x300.jpg 400w, https:\/\/pan.pics\/wp-content\/uploads\/2024\/04\/lamination-768x576.jpg 768w, https:\/\/pan.pics\/wp-content\/uploads\/2024\/04\/lamination-860x645.jpg 860w, https:\/\/pan.pics\/wp-content\/uploads\/2024\/04\/lamination-430x323.jpg 430w, https:\/\/pan.pics\/wp-content\/uploads\/2024\/04\/lamination-700x525.jpg 700w, https:\/\/pan.pics\/wp-content\/uploads\/2024\/04\/lamination-150x113.jpg 150w, https:\/\/pan.pics\/wp-content\/uploads\/2024\/04\/lamination.jpg 1024w\" sizes=\"(max-width: 400px) 100vw, 400px\" \/><\/a><p id=\"caption-attachment-27496\" class=\"wp-caption-text\">Laminierung im Ofen<\/p><\/div><p>F\u00fcr Kunden erstelle ich Panoramen, die ich bereits angefertigt habe, neu \u2013 diesmal in gro\u00df und vorzugsweise in riesig. Ich komme gerne zu Ihnen, messe die vorgesehene Wand, fotografiere sie und erstelle eine Visualisierung und Angebote f\u00fcr mehrere Optionen. <br>(Fast) auf jeder Seite rechts neben den begleitenden Bildern, unter der Karte, gibt es einen Schieberegler mit Gr\u00f6\u00dfenvorschl\u00e4gen. Nachdem die Gr\u00f6\u00dfe ausgew\u00e4hlt wurde, drucke ich im Fotogesch\u00e4ft (<a href=\"https:\/\/www.facebook.com\/royaldigitalweb\" target=\"_blank\" rel=\"noopener\">Photo Royal Digital<\/a>) die Bilder auf hochwertigem Fotopapier \u2013 nat\u00fcrlich nur diejenigen, die ich f\u00fcr das Panorama ausgew\u00e4hlt habe, als ich es erstellt habe. Nachdem ich sie aneinandergef\u00fcgt habe, beschichte ich das Panorama mit Laminierung und bringe es zur Klebefabrik (A.S. Silver in Hadera), wo es in einem speziellen Ofen gepresst wird. Dort kaufe ich auch Klebepappen, auf die ich das neue Panorama klebe, und es ist bereit, zum Kunden zu gelangen, um an der Wand befestigt oder aufgeh\u00e4ngt zu werden.   <br>Bitte beachten Sie, dass auch dieser Prozess Handarbeit ist und es daher sehr wahrscheinlich ist, dass es leichte Unterschiede in den endg\u00fcltigen Ma\u00dfen gibt, sowie in der Reihenfolge der Bilder im Panorama (d. h. wie ein Bild auf das andere geklebt wird) oder beim Zuschneiden der Bilder.<\/p>\t\t\t\t\t\t\t\t<\/div>\n\t\t\t\t<\/div>\n\t\t\t\t<\/div>\n\t\t\t\t\t<\/details>\n\t\t\t\t\t\t<details id=\"e-n-accordion-item-1172\" class=\"e-n-accordion-item\" >\n\t\t\t\t<summary class=\"e-n-accordion-item-title\" data-accordion-index=\"3\" tabindex=\"-1\" aria-expanded=\"false\" aria-controls=\"e-n-accordion-item-1172\" >\n\t\t\t\t\t<span class='e-n-accordion-item-title-header'><h3 class=\"e-n-accordion-item-title-text\"> Wie kann das Panoramafotobuch als einzigartiges Geschenk f\u00fcr Unternehmen dienen? <\/h3><\/span>\n\t\t\t\t\t\t\t<span class='e-n-accordion-item-title-icon'>\n\t\t\t<span class='e-opened' ><i aria-hidden=\"true\" class=\"fas fa-chevron-left\"><\/i><\/span>\n\t\t\t<span class='e-closed'><i aria-hidden=\"true\" class=\"fas fa-chevron-down\"><\/i><\/span>\n\t\t<\/span>\n\n\t\t\t\t\t\t<\/summary>\n\t\t\t\t<div role=\"region\" aria-labelledby=\"e-n-accordion-item-1172\" class=\"elementor-element elementor-element-ce79232 e-con-full e-flex wd-section-disabled e-con e-child\" data-id=\"ce79232\" data-element_type=\"container\" data-e-type=\"container\">\n\t\t\t\t<div class=\"elementor-element elementor-element-829189b color-scheme-inherit text-left elementor-widget elementor-widget-text-editor\" data-id=\"829189b\" data-element_type=\"widget\" data-e-type=\"widget\" data-widget_type=\"text-editor.default\">\n\t\t\t\t<div class=\"elementor-widget-container\">\n\t\t\t\t\t\t\t\t\t<p><strong>Ein einzigartiges und unvergessliches Geschenk f\u00fcr Unternehmen: Ein Panoramafotobuch mit Landschaften unseres Landes<\/strong><\/p><p>Bieten Sie Ihren Kunden oder besonderen Delegationen ein bewegendes und prachtvolles Geschenk \u2013 <strong><a href=\"https:\/\/pan.pics\/de\/?attachment_id=17028\" target=\"_blank\" rel=\"noopener\">das Buch \u201eBlick auf das Heilige Land\u201c<\/a><\/strong> mit wundersch\u00f6nen Panoramaaufnahmen, die die beeindruckenden Landschaften Israels aus dem ganzen Land zeigen. Jede Seite des Buches ist ein Kunstwerk f\u00fcr sich, mit spektakul\u00e4ren Panoramabildern der bekanntesten und beliebtesten Orte im Heiligen Land. <\/p><p>Neben den Bildern finden Sie Verse aus der Bibel und klassische hebr\u00e4ische Lieder, die jeder Seite eine tiefe und bedeutungsvolle Note verleihen. Die Texte erscheinen in drei Sprachen: Hebr\u00e4isch, Englisch und Franz\u00f6sisch, was das Buch zu einem perfekten Geschenk f\u00fcr verschiedene Zielgruppen und kulturelle Hintergr\u00fcnde macht. <\/p><p>Um das Geschenk noch pers\u00f6nlicher und besonderer zu gestalten, kann das Buch im Namen Ihres Unternehmens produziert werden und eine individuelle Doppelseite mit einem Gru\u00df, einem Logo auf dem Einband und jedem gew\u00fcnschten Marketingelement enthalten.<\/p><p>Dies ist nicht nur ein Buch \u2013 es ist ein vollst\u00e4ndiges Erlebnis von Landschaften, Kultur und Tradition, das bei jedem Empf\u00e4nger einen tiefen und unvergesslichen Eindruck hinterlassen wird. Machen Sie jedes Geschenk zu etwas Au\u00dfergew\u00f6hnlichem und schenken Sie das perfekte Geschenk, das die Geschichte unseres sch\u00f6nen Landes erz\u00e4hlt. <\/p><p>F\u00fcr Details und Preise <a href=\"https:\/\/pan.pics\/de\/kontakt\/\" target=\"_blank\" rel=\"noopener\">nehmen Sie Kontakt auf<\/a>.<\/p>\t\t\t\t\t\t\t\t<\/div>\n\t\t\t\t<\/div>\n\t\t\t\t<\/div>\n\t\t\t\t\t<\/details>\n\t\t\t\t\t\t<details id=\"e-n-accordion-item-1173\" class=\"e-n-accordion-item\" >\n\t\t\t\t<summary class=\"e-n-accordion-item-title\" data-accordion-index=\"4\" tabindex=\"-1\" aria-expanded=\"false\" aria-controls=\"e-n-accordion-item-1173\" >\n\t\t\t\t\t<span class='e-n-accordion-item-title-header'><h3 class=\"e-n-accordion-item-title-text\"> Ist es m\u00f6glich, ein handgefertigtes Panoramabild individuell anzufertigen? <\/h3><\/span>\n\t\t\t\t\t\t\t<span class='e-n-accordion-item-title-icon'>\n\t\t\t<span class='e-opened' ><i aria-hidden=\"true\" class=\"fas fa-chevron-left\"><\/i><\/span>\n\t\t\t<span class='e-closed'><i aria-hidden=\"true\" class=\"fas fa-chevron-down\"><\/i><\/span>\n\t\t<\/span>\n\n\t\t\t\t\t\t<\/summary>\n\t\t\t\t<div role=\"region\" aria-labelledby=\"e-n-accordion-item-1173\" class=\"elementor-element elementor-element-dc84467 e-con-full e-flex wd-section-disabled e-con e-child\" data-id=\"dc84467\" data-element_type=\"container\" data-e-type=\"container\">\n\t\t\t\t<div class=\"elementor-element elementor-element-354eabf color-scheme-inherit text-left elementor-widget elementor-widget-text-editor\" data-id=\"354eabf\" data-element_type=\"widget\" data-e-type=\"widget\" data-widget_type=\"text-editor.default\">\n\t\t\t\t<div class=\"elementor-widget-container\">\n\t\t\t\t\t\t\t\t\t<p>Auf jeden Fall ja, es ist m\u00f6glich, ein handgefertigtes Panoramabild individuell anzufertigen. Sie k\u00f6nnen die Landschaft, die Gr\u00f6\u00dfe und die Details ausw\u00e4hlen, die Sie in Ihrem Panoramabild haben m\u00f6chten. Wenn Sie m\u00f6chten, dass ich bestimmte Details im Panorama abdecke, verberge oder hinzuf\u00fcge, bin ich offen f\u00fcr Vorschl\u00e4ge! Und ich w\u00fcrde mich sehr freuen, wenn Sie mich an einen Ort schicken, an dem ich noch nie war, um dort zu fotografieren.   <\/p>\t\t\t\t\t\t\t\t<\/div>\n\t\t\t\t<\/div>\n\t\t\t\t<\/div>\n\t\t\t\t\t<\/details>\n\t\t\t\t\t\t<details id=\"e-n-accordion-item-1174\" class=\"e-n-accordion-item\" >\n\t\t\t\t<summary class=\"e-n-accordion-item-title\" data-accordion-index=\"5\" tabindex=\"-1\" aria-expanded=\"false\" aria-controls=\"e-n-accordion-item-1174\" >\n\t\t\t\t\t<span class='e-n-accordion-item-title-header'><h3 class=\"e-n-accordion-item-title-text\"> K\u00f6nnen die Panoramen gerahmt werden? <\/h3><\/span>\n\t\t\t\t\t\t\t<span class='e-n-accordion-item-title-icon'>\n\t\t\t<span class='e-opened' ><i aria-hidden=\"true\" class=\"fas fa-chevron-left\"><\/i><\/span>\n\t\t\t<span class='e-closed'><i aria-hidden=\"true\" class=\"fas fa-chevron-down\"><\/i><\/span>\n\t\t<\/span>\n\n\t\t\t\t\t\t<\/summary>\n\t\t\t\t<div role=\"region\" aria-labelledby=\"e-n-accordion-item-1174\" class=\"elementor-element elementor-element-fdffe94 e-con-full e-flex wd-section-disabled e-con e-child\" data-id=\"fdffe94\" data-element_type=\"container\" data-e-type=\"container\">\n\t\t\t\t<div class=\"elementor-element elementor-element-b189fa5 color-scheme-inherit text-left elementor-widget elementor-widget-text-editor\" data-id=\"b189fa5\" data-element_type=\"widget\" data-e-type=\"widget\" data-widget_type=\"text-editor.default\">\n\t\t\t\t<div class=\"elementor-widget-container\">\n\t\t\t\t\t\t\t\t\t<div id=\"attachment_27499\" style=\"width: 410px\" class=\"wp-caption alignleft\"><a href=\"http:\/\/pan.pics\/wp-content\/uploads\/2025\/02\/IMG_20250116_191111.jpg\" target=\"_blank\" rel=\"noopener\"><img loading=\"lazy\" decoding=\"async\" aria-describedby=\"caption-attachment-27499\" class=\"wp-image-21213 size-medium\" src=\"http:\/\/pan.pics\/wp-content\/uploads\/2025\/02\/IMG_20250116_191111-400x300.jpg\" alt=\"Gerahmtes Panorama mit Laminierung ohne Glas, Rahmengr\u00f6\u00dfe 42\u00d7209 cm.\" width=\"400\" height=\"300\" srcset=\"https:\/\/pan.pics\/wp-content\/uploads\/2025\/02\/IMG_20250116_191111-400x300.jpg 400w, https:\/\/pan.pics\/wp-content\/uploads\/2025\/02\/IMG_20250116_191111-1065x800.jpg 1065w, https:\/\/pan.pics\/wp-content\/uploads\/2025\/02\/IMG_20250116_191111-768x577.jpg 768w, https:\/\/pan.pics\/wp-content\/uploads\/2025\/02\/IMG_20250116_191111-1536x1154.jpg 1536w, https:\/\/pan.pics\/wp-content\/uploads\/2025\/02\/IMG_20250116_191111-2048x1539.jpg 2048w, https:\/\/pan.pics\/wp-content\/uploads\/2025\/02\/IMG_20250116_191111-860x646.jpg 860w, https:\/\/pan.pics\/wp-content\/uploads\/2025\/02\/IMG_20250116_191111-430x323.jpg 430w, https:\/\/pan.pics\/wp-content\/uploads\/2025\/02\/IMG_20250116_191111-700x526.jpg 700w, https:\/\/pan.pics\/wp-content\/uploads\/2025\/02\/IMG_20250116_191111-150x113.jpg 150w\" sizes=\"(max-width: 400px) 100vw, 400px\" \/><\/a><p id=\"caption-attachment-27499\" class=\"wp-caption-text\">Gerahmtes Panorama mit Laminierung ohne Glas, Rahmengr\u00f6\u00dfe 42\u00d7209 cm.<\/p><\/div><p>Panoramen bis zu einer Breite von etwa anderthalb Metern k\u00f6nnen mit Glas gerahmt werden. Bis zu zweieinhalb Meter Breite k\u00f6nnen mit Laminierungsbeschichtung gerahmt werden. Dar\u00fcber hinaus ist es nicht m\u00f6glich, ich habe versucht, L\u00f6sungen zu finden, aber es ist mir nicht gelungen. Wenn Sie eine Idee haben, w\u00fcrde ich mich freuen, davon zu h\u00f6ren!  <\/p>\t\t\t\t\t\t\t\t<\/div>\n\t\t\t\t<\/div>\n\t\t\t\t<\/div>\n\t\t\t\t\t<\/details>\n\t\t\t\t\t\t<details id=\"e-n-accordion-item-1175\" class=\"e-n-accordion-item\" >\n\t\t\t\t<summary class=\"e-n-accordion-item-title\" data-accordion-index=\"6\" tabindex=\"-1\" aria-expanded=\"false\" aria-controls=\"e-n-accordion-item-1175\" >\n\t\t\t\t\t<span class='e-n-accordion-item-title-header'><h3 class=\"e-n-accordion-item-title-text\"> Mit welcher Kamera arbeiten Sie? <\/h3><\/span>\n\t\t\t\t\t\t\t<span class='e-n-accordion-item-title-icon'>\n\t\t\t<span class='e-opened' ><i aria-hidden=\"true\" class=\"fas fa-chevron-left\"><\/i><\/span>\n\t\t\t<span class='e-closed'><i aria-hidden=\"true\" class=\"fas fa-chevron-down\"><\/i><\/span>\n\t\t<\/span>\n\n\t\t\t\t\t\t<\/summary>\n\t\t\t\t<div role=\"region\" aria-labelledby=\"e-n-accordion-item-1175\" class=\"elementor-element elementor-element-e3ecfd3 e-con-full e-flex wd-section-disabled e-con e-child\" data-id=\"e3ecfd3\" data-element_type=\"container\" data-e-type=\"container\">\n\t\t\t\t<div class=\"elementor-element elementor-element-8dccf19 color-scheme-inherit text-left elementor-widget elementor-widget-text-editor\" data-id=\"8dccf19\" data-element_type=\"widget\" data-e-type=\"widget\" data-widget_type=\"text-editor.default\">\n\t\t\t\t<div class=\"elementor-widget-container\">\n\t\t\t\t\t\t\t\t\t<div id=\"attachment_27496\" style=\"width: 410px\" class=\"wp-caption alignleft\"><a href=\"http:\/\/pan.pics\/wp-content\/uploads\/2024\/07\/%D7%9E%D7%95%D7%98%D7%99-%D7%9E%D7%A6%D7%9C%D7%9D.jpg\" target=\"_blank\" rel=\"noopener\"><img loading=\"lazy\" decoding=\"async\" aria-describedby=\"caption-attachment-27496\" class=\"wp-image-17073 size-medium\" src=\"http:\/\/pan.pics\/wp-content\/uploads\/2024\/07\/%D7%9E%D7%95%D7%98%D7%99-%D7%9E%D7%A6%D7%9C%D7%9D-400x267.jpg\" alt=\"Edna Tager fotografierte mich beim Fotografieren (2016)\" width=\"400\" height=\"267\"><\/a><p id=\"caption-attachment-27496\" class=\"wp-caption-text\">Edna Tager fotografierte mich beim Fotografieren (2016)<\/p><\/div><p><strong>Ich bin kein Fotograf, ich fotografiere.<\/strong><\/p><p>Das hei\u00dft, ich bin kein professioneller Fotograf. Ich fotografiere nur im Automatikmodus, stelle weder Blende noch Belichtung ein und wechsle keine Objektive. Viele Jahre lang war ich der PowerShot SX-Serie von Canon treu, der Oberklasse der einfachen Kameras, die keine DSLRs sind. Ich habe f\u00fcnf Kameras aus dieser hervorragenden Serie besessen, die \u00fcber ein schwenkbares Display und vor allem \u00fcber einen unglaublichen optischen Zoom verf\u00fcgt, der bei der letzten Kamera, der SX60, das 65-fache erreichte. Das entspricht fast anderthalb Metern eines \u201enormalen\u201c Objektivs, aber wie gesagt, ich wechsle keine Objektive.    <\/p><p>Jahrelang bin ich herumgelaufen, auch w\u00e4hrend meiner Arbeit bei der Stadtverwaltung (und ich bin im Rahmen meiner Aufgaben viel in der Stadt herumgelaufen) mit einer Kamera um den Hals. Aber die Jahre vergingen und die Technologie entwickelte sich weiter, und in den letzten Jahren fotografiere ich viel mit dem Mobiltelefon (derzeit \u2013 Xiaomi Redmi Note 13 Pro). F\u00fcr Tagesaufnahmen ist es ausgezeichnet, und f\u00fcr Nachtaufnahmen ist es sogar besser als die Canon. Zumindest mit dem Wissen, das ich nicht habe. Aber f\u00fcr gro\u00dfe Ausfl\u00fcge nehme ich die Kamera mit, haupts\u00e4chlich aus Sehnsucht nach dem Zoom, dem Bildschirm und dem halben Druck, obwohl manchmal die Vorteile der Telefonfotografie die Nachteile \u00fcberwiegen.    <\/p>\t\t\t\t\t\t\t\t<\/div>\n\t\t\t\t<\/div>\n\t\t\t\t<\/div>\n\t\t\t\t\t<\/details>\n\t\t\t\t\t\t<details id=\"e-n-accordion-item-1176\" class=\"e-n-accordion-item\" >\n\t\t\t\t<summary class=\"e-n-accordion-item-title\" data-accordion-index=\"7\" tabindex=\"-1\" aria-expanded=\"false\" aria-controls=\"e-n-accordion-item-1176\" >\n\t\t\t\t\t<span class='e-n-accordion-item-title-header'><h3 class=\"e-n-accordion-item-title-text\"> Warum verwenden Sie keine Software zur Erstellung von Panoramen? <\/h3><\/span>\n\t\t\t\t\t\t\t<span class='e-n-accordion-item-title-icon'>\n\t\t\t<span class='e-opened' ><i aria-hidden=\"true\" class=\"fas fa-chevron-left\"><\/i><\/span>\n\t\t\t<span class='e-closed'><i aria-hidden=\"true\" class=\"fas fa-chevron-down\"><\/i><\/span>\n\t\t<\/span>\n\n\t\t\t\t\t\t<\/summary>\n\t\t\t\t<div role=\"region\" aria-labelledby=\"e-n-accordion-item-1176\" class=\"elementor-element elementor-element-8178da8 e-con-full e-flex wd-section-disabled e-con e-child\" data-id=\"8178da8\" data-element_type=\"container\" data-e-type=\"container\">\n\t\t\t\t<div class=\"elementor-element elementor-element-fdd86d9 color-scheme-inherit text-left elementor-widget elementor-widget-text-editor\" data-id=\"fdd86d9\" data-element_type=\"widget\" data-e-type=\"widget\" data-widget_type=\"text-editor.default\">\n\t\t\t\t<div class=\"elementor-widget-container\">\n\t\t\t\t\t\t\t\t\t<p>Ich wei\u00df, dass es Software gibt, die Panoramen automatisch erstellt, sowohl am Computer als auch am Telefon. Man l\u00e4dt die Bilder hoch und innerhalb einer Minute hat man ein perfektes Panorama. <\/p><p>Aber das ist nicht das, was ich mache. Computergest\u00fctzte Panoramen haben meist Verzerrungen, weil der Computer die Bilder verbindet und sie verzerrt, damit sie zusammenpassen. Ich verzerre nicht, ich breche. Genau deshalb kann man in meinen Panoramen 360 Grad in einem Blick mit geradem Horizont sehen, bei computergest\u00fctzten Panoramen kr\u00fcmmt sich der Horizont, weil auch unsere Erde rund ist.   <\/p><p>Au\u00dferdem liebe ich es, die Panoramen einschlie\u00dflich des Erstellungsprozesses zu erstellen, obwohl er viel Zeit in Anspruch nimmt. Oder gerade deshalb. Wenn ich es am Computer mache, w\u00e4re es nicht so viel Spa\u00df \ud83d\ude01  <\/p>\t\t\t\t\t\t\t\t<\/div>\n\t\t\t\t<\/div>\n\t\t\t\t<\/div>\n\t\t\t\t\t<\/details>\n\t\t\t\t\t\t<details id=\"e-n-accordion-item-1177\" class=\"e-n-accordion-item\" >\n\t\t\t\t<summary class=\"e-n-accordion-item-title\" data-accordion-index=\"8\" tabindex=\"-1\" aria-expanded=\"false\" aria-controls=\"e-n-accordion-item-1177\" >\n\t\t\t\t\t<span class='e-n-accordion-item-title-header'><h3 class=\"e-n-accordion-item-title-text\"> Verwenden Sie wirklich kein Photoshop? <\/h3><\/span>\n\t\t\t\t\t\t\t<span class='e-n-accordion-item-title-icon'>\n\t\t\t<span class='e-opened' ><i aria-hidden=\"true\" class=\"fas fa-chevron-left\"><\/i><\/span>\n\t\t\t<span class='e-closed'><i aria-hidden=\"true\" class=\"fas fa-chevron-down\"><\/i><\/span>\n\t\t<\/span>\n\n\t\t\t\t\t\t<\/summary>\n\t\t\t\t<div role=\"region\" aria-labelledby=\"e-n-accordion-item-1177\" class=\"elementor-element elementor-element-17b7b8b e-con-full e-flex wd-section-disabled e-con e-child\" data-id=\"17b7b8b\" data-element_type=\"container\" data-e-type=\"container\">\n\t\t\t\t<div class=\"elementor-element elementor-element-a66ec8f color-scheme-inherit text-left elementor-widget elementor-widget-text-editor\" data-id=\"a66ec8f\" data-element_type=\"widget\" data-e-type=\"widget\" data-widget_type=\"text-editor.default\">\n\t\t\t\t<div class=\"elementor-widget-container\">\n\t\t\t\t\t\t\t\t\t<div id=\"attachment_27505\" style=\"width: 410px\" class=\"wp-caption alignleft\"><a href=\"http:\/\/pan.pics\/wp-content\/uploads\/2024\/07\/%D7%90%D7%95%D7%99%D7%94-%D7%90%D7%A0%D7%98%D7%A0%D7%94.jpg\" target=\"_blank\" rel=\"noopener\"><img loading=\"lazy\" decoding=\"async\" aria-describedby=\"caption-attachment-27505\" class=\"wp-image-19730 size-medium\" src=\"http:\/\/pan.pics\/wp-content\/uploads\/2024\/07\/%D7%90%D7%95%D7%99%D7%94-%D7%90%D7%A0%D7%98%D7%A0%D7%94-400x266.jpg\" alt=\"Oh je, eine Antenne\" width=\"400\" height=\"266\"><\/a><p id=\"caption-attachment-27505\" class=\"wp-caption-text\">Oh je, eine Antenne<\/p><\/div><p>Definitiv. Ich wei\u00df nicht, wie man Photoshop benutzt, es ist nicht auf meinem Computer installiert und ich m\u00f6chte es auch nicht. Ich habe kein Interesse daran, jedes der einzelnen Bilder, aus denen das Panorama besteht, zu korrigieren oder zu retuschieren. Das Maximum, was ich tue, ist das Klicken auf die Schaltfl\u00e4che \u201eAuf gut Gl\u00fcck!\u201c in Picasa oder die automatische Optimierungstaste am Telefon.   <\/p><p>All dies mit Ausnahme eines einzigen Mal: Neben dem Davidsturm gibt es eine Antenne, und ich verstehe nicht, wer genehmigt hat, sie dort aufzustellen. Als ich also <a href=\"https:\/\/pan.pics\/de\/?attachment_id=17028\" target=\"_blank\" rel=\"noopener\">das Buch<\/a> vorbereitete, in dem das Panorama des <a href=\"https:\/\/pan.pics\/jaffagate\/\" target=\"_blank\" rel=\"noopener\">Jaffa-Tors<\/a> auf dem Umschlag erscheint und auch innen in der Nachtversion, bat ich darum, die Antenne mit Photoshop zu entfernen. <\/p><p>Und noch etwas. Wenn ich ein Panorama fertigstelle, um es auf die Website oder f\u00fcr Produkte (Buch, Postkarten und weitere Ideen in Vorbereitung) hochzuladen, habe ich es fr\u00fcher eingescannt. Das ergibt jedoch Belichtungsunterschiede beim Scannen, die manchmal auff\u00e4llig sind, zumindest f\u00fcr meine Augen mit der Selbstkritik; es gibt Verschmutzungen, die zusammen mit den Bildern gescannt werden und besonders bei Nachtaufnahmen auffallen; und es ist auch schwierig, die Scanteile so zusammenzuf\u00fcgen, dass sie gerade herauskommen. Was ich also mache, ist, die Bilder zu nehmen, die das Panorama bilden, und sie erneut zusammenzuf\u00fcgen \u2013 diesmal digital, fr\u00fcher mit PowerPoint und heute mit Canva. Aber es ist immer noch Handarbeit, weil ich genau das nachahme, was ich zuvor auf dem Tisch im Wohnzimmer gemacht habe, genau auf die gleiche Weise und manuell. So entsteht ein gerades, sauberes und viel sch\u00f6neres Bild.     <\/p>\t\t\t\t\t\t\t\t<\/div>\n\t\t\t\t<\/div>\n\t\t\t\t<\/div>\n\t\t\t\t\t<\/details>\n\t\t\t\t\t\t<details id=\"e-n-accordion-item-1178\" class=\"e-n-accordion-item\" >\n\t\t\t\t<summary class=\"e-n-accordion-item-title\" data-accordion-index=\"9\" tabindex=\"-1\" aria-expanded=\"false\" aria-controls=\"e-n-accordion-item-1178\" >\n\t\t\t\t\t<span class='e-n-accordion-item-title-header'><h3 class=\"e-n-accordion-item-title-text\"> Wie viele handgefertigte Panoramen haben Sie bisher erstellt? <\/h3><\/span>\n\t\t\t\t\t\t\t<span class='e-n-accordion-item-title-icon'>\n\t\t\t<span class='e-opened' ><i aria-hidden=\"true\" class=\"fas fa-chevron-left\"><\/i><\/span>\n\t\t\t<span class='e-closed'><i aria-hidden=\"true\" class=\"fas fa-chevron-down\"><\/i><\/span>\n\t\t<\/span>\n\n\t\t\t\t\t\t<\/summary>\n\t\t\t\t<div role=\"region\" aria-labelledby=\"e-n-accordion-item-1178\" class=\"elementor-element elementor-element-dd483a3 e-con-full e-flex wd-section-disabled e-con e-child\" data-id=\"dd483a3\" data-element_type=\"container\" data-e-type=\"container\">\n\t\t\t\t<div class=\"elementor-element elementor-element-e394287 color-scheme-inherit text-left elementor-widget elementor-widget-text-editor\" data-id=\"e394287\" data-element_type=\"widget\" data-e-type=\"widget\" data-widget_type=\"text-editor.default\">\n\t\t\t\t<div class=\"elementor-widget-container\">\n\t\t\t\t\t\t\t\t\t<p>Stand Februar 2026 habe ich 273 handgefertigte Panoramen erstellt, bestehend aus 5.341 Einzelbildern mit einer Gesamtl\u00e4nge von etwa 277 Metern. Und das nur von den Basispanoramen in der Gr\u00f6\u00dfe 10\u00d715 cm. <\/p><p>Die Website wird langsam gef\u00fcllt, aber auch wenn ich mit dem Hochladen der alten Materialien fertig bin, werden Sie nicht alle Panoramen hier sehen, einige behalte ich aus Gr\u00fcnden, die bei mir bleiben, f\u00fcr mich \ud83e\udd10<\/p>\t\t\t\t\t\t\t\t<\/div>\n\t\t\t\t<\/div>\n\t\t\t\t<\/div>\n\t\t\t\t\t<\/details>\n\t\t\t\t\t\t<details id=\"e-n-accordion-item-1179\" class=\"e-n-accordion-item\" >\n\t\t\t\t<summary class=\"e-n-accordion-item-title\" data-accordion-index=\"10\" tabindex=\"-1\" aria-expanded=\"false\" aria-controls=\"e-n-accordion-item-1179\" >\n\t\t\t\t\t<span class='e-n-accordion-item-title-header'><h3 class=\"e-n-accordion-item-title-text\"> Was ist Ihr l\u00e4ngstes Panorama? <\/h3><\/span>\n\t\t\t\t\t\t\t<span class='e-n-accordion-item-title-icon'>\n\t\t\t<span class='e-opened' ><i aria-hidden=\"true\" class=\"fas fa-chevron-left\"><\/i><\/span>\n\t\t\t<span class='e-closed'><i aria-hidden=\"true\" class=\"fas fa-chevron-down\"><\/i><\/span>\n\t\t<\/span>\n\n\t\t\t\t\t\t<\/summary>\n\t\t\t\t<div role=\"region\" aria-labelledby=\"e-n-accordion-item-1179\" class=\"elementor-element elementor-element-bdeb4b5 e-con-full e-flex wd-section-disabled e-con e-child\" data-id=\"bdeb4b5\" data-element_type=\"container\" data-e-type=\"container\">\n\t\t\t\t<div class=\"elementor-element elementor-element-8605ce5 color-scheme-inherit text-left elementor-widget elementor-widget-text-editor\" data-id=\"8605ce5\" data-element_type=\"widget\" data-e-type=\"widget\" data-widget_type=\"text-editor.default\">\n\t\t\t\t<div class=\"elementor-widget-container\">\n\t\t\t\t\t\t\t\t\t<p>Das l\u00e4ngste Bild, das ich bisher erstellt habe, ist das <a href=\"https:\/\/pan.pics\/rot\/\" target=\"_blank\" rel=\"noopener\">vom Rothschild Boulevard w\u00e4hrend der Proteste von 2011<\/a>. Nicht 360, sondern nur 180 Grad, aber gerade deshalb ist es lang&#8230; achtzehneinhalb Meter! Und das aus Bildern in der Gr\u00f6\u00dfe 10\u00d715.   <\/p><p>Seitdem wird es in einer sehr angesehenen Unterkunft ausgestellt, \u00fcber drei Stockwerke im Treppenhaus des Naftali-Geb\u00e4udes \u2013 der Fakult\u00e4t f\u00fcr Sozialwissenschaften an der Universit\u00e4t Tel Aviv.<\/p>\t\t\t\t\t\t\t\t<\/div>\n\t\t\t\t<\/div>\n\t\t\t\t<\/div>\n\t\t\t\t\t<\/details>\n\t\t\t\t\t\t<details id=\"e-n-accordion-item-11710\" class=\"e-n-accordion-item\" >\n\t\t\t\t<summary class=\"e-n-accordion-item-title\" data-accordion-index=\"11\" tabindex=\"-1\" aria-expanded=\"false\" aria-controls=\"e-n-accordion-item-11710\" >\n\t\t\t\t\t<span class='e-n-accordion-item-title-header'><h3 class=\"e-n-accordion-item-title-text\"> Was war Ihr erstes Panorama? <\/h3><\/span>\n\t\t\t\t\t\t\t<span class='e-n-accordion-item-title-icon'>\n\t\t\t<span class='e-opened' ><i aria-hidden=\"true\" class=\"fas fa-chevron-left\"><\/i><\/span>\n\t\t\t<span class='e-closed'><i aria-hidden=\"true\" class=\"fas fa-chevron-down\"><\/i><\/span>\n\t\t<\/span>\n\n\t\t\t\t\t\t<\/summary>\n\t\t\t\t<div role=\"region\" aria-labelledby=\"e-n-accordion-item-11710\" class=\"elementor-element elementor-element-f77a34c e-con-full e-flex wd-section-disabled e-con e-child\" data-id=\"f77a34c\" data-element_type=\"container\" data-e-type=\"container\">\n\t\t\t\t<div class=\"elementor-element elementor-element-9eed69e color-scheme-inherit text-left elementor-widget elementor-widget-text-editor\" data-id=\"9eed69e\" data-element_type=\"widget\" data-e-type=\"widget\" data-widget_type=\"text-editor.default\">\n\t\t\t\t<div class=\"elementor-widget-container\">\n\t\t\t\t\t\t\t\t\t<p>Das erste Panorama, das ich erstellt und handgefertigt zusammengef\u00fcgt habe, ist das <a href=\"https:\/\/pan.pics\/paris\/\" target=\"_blank\" rel=\"noopener\">vom Dach des Montparnasse-Turms in Paris<\/a>, im Juni 1999, vor mehr als einem Vierteljahrhundert. Seitdem habe ich mich weiterentwickelt und die Technik verfeinert, aber ich habe auch eine warme Ecke im Herzen sowohl f\u00fcr die Stadt als auch f\u00fcr dieses Panorama. <\/p>\t\t\t\t\t\t\t\t<\/div>\n\t\t\t\t<\/div>\n\t\t\t\t<\/div>\n\t\t\t\t\t<\/details>\n\t\t\t\t\t\t<details id=\"e-n-accordion-item-11711\" class=\"e-n-accordion-item\" >\n\t\t\t\t<summary class=\"e-n-accordion-item-title\" data-accordion-index=\"12\" tabindex=\"-1\" aria-expanded=\"false\" aria-controls=\"e-n-accordion-item-11711\" >\n\t\t\t\t\t<span class='e-n-accordion-item-title-header'><h3 class=\"e-n-accordion-item-title-text\"> Was kostet ein handgefertigtes Panorama? <\/h3><\/span>\n\t\t\t\t\t\t\t<span class='e-n-accordion-item-title-icon'>\n\t\t\t<span class='e-opened' ><i aria-hidden=\"true\" class=\"fas fa-chevron-left\"><\/i><\/span>\n\t\t\t<span class='e-closed'><i aria-hidden=\"true\" class=\"fas fa-chevron-down\"><\/i><\/span>\n\t\t<\/span>\n\n\t\t\t\t\t\t<\/summary>\n\t\t\t\t<div role=\"region\" aria-labelledby=\"e-n-accordion-item-11711\" class=\"elementor-element elementor-element-25d4e64 e-con-full e-flex wd-section-disabled e-con e-child\" data-id=\"25d4e64\" data-element_type=\"container\" data-e-type=\"container\">\n\t\t\t\t<div class=\"elementor-element elementor-element-2255dcf color-scheme-inherit text-left elementor-widget elementor-widget-text-editor\" data-id=\"2255dcf\" data-element_type=\"widget\" data-e-type=\"widget\" data-widget_type=\"text-editor.default\">\n\t\t\t\t<div class=\"elementor-widget-container\">\n\t\t\t\t\t\t\t\t\t<p>Der Preis variiert je nach gew\u00fcnschter Gr\u00f6\u00dfe, Anzahl der Einzelbilder, die das Panorama bilden, den erforderlichen Materialien \u00fcber die Bilder hinaus und der erforderlichen Arbeitszeit. F\u00fcr jedes zum Verkauf stehende Panorama (es gibt einige wenige, die ich f\u00fcr mich behalte) gibt es einen Schieberegler unter der Karte, mit dem Sie die gew\u00fcnschte Gr\u00f6\u00dfe einstellen k\u00f6nnen, und Sie k\u00f6nnen darin den Preis f\u00fcr das Panorama mit Laminierung auf Kappa sehen; wenn Sie zus\u00e4tzliche Verarbeitung oder Rahmung w\u00fcnschen, sind damit zus\u00e4tzliche Kosten verbunden. Sie k\u00f6nnen <a href=\"https:\/\/pan.pics\/de\/kontakt\/\" target=\"_blank\" rel=\"noopener\">Kontakt aufnehmen<\/a>, um ein individuelles Angebot entsprechend Ihren Bed\u00fcrfnissen und Anforderungen zu erhalten.<br>Selbstverst\u00e4ndlich wird bei Bestellung mehrerer Panoramen zusammen ein entsprechender Rabatt gew\u00e4hrt.  <\/p>\t\t\t\t\t\t\t\t<\/div>\n\t\t\t\t<\/div>\n\t\t\t\t<\/div>\n\t\t\t\t\t<\/details>\n\t\t\t\t\t\t<details id=\"e-n-accordion-item-11712\" class=\"e-n-accordion-item\" >\n\t\t\t\t<summary class=\"e-n-accordion-item-title\" data-accordion-index=\"13\" tabindex=\"-1\" aria-expanded=\"false\" aria-controls=\"e-n-accordion-item-11712\" >\n\t\t\t\t\t<span class='e-n-accordion-item-title-header'><h3 class=\"e-n-accordion-item-title-text\"> Mir gefallen die Panoramen! Wo kann ich eine Bewertung schreiben?  <\/h3><\/span>\n\t\t\t\t\t\t\t<span class='e-n-accordion-item-title-icon'>\n\t\t\t<span class='e-opened' ><i aria-hidden=\"true\" class=\"fas fa-chevron-left\"><\/i><\/span>\n\t\t\t<span class='e-closed'><i aria-hidden=\"true\" class=\"fas fa-chevron-down\"><\/i><\/span>\n\t\t<\/span>\n\n\t\t\t\t\t\t<\/summary>\n\t\t\t\t<div role=\"region\" aria-labelledby=\"e-n-accordion-item-11712\" class=\"elementor-element elementor-element-3913107 e-con-full e-flex wd-section-disabled e-con e-child\" data-id=\"3913107\" data-element_type=\"container\" data-e-type=\"container\">\n\t\t\t\t<div class=\"elementor-element elementor-element-ad54302 color-scheme-inherit text-left elementor-widget elementor-widget-text-editor\" data-id=\"ad54302\" data-element_type=\"widget\" data-e-type=\"widget\" data-widget_type=\"text-editor.default\">\n\t\t\t\t<div class=\"elementor-widget-container\">\n\t\t\t\t\t\t\t\t\t<p>Vielen Dank! Hier ist der Link <a href=\"https:\/\/g.page\/r\/CVGmaVNCDNv7EAI\/review\" target=\"_blank\" rel=\"noopener\">zu den Google-Bewertungen<\/a>, und Sie k\u00f6nnen auch <a href=\"https:\/\/facebook.com\/holyglance\" target=\"_blank\" rel=\"noopener\">auf der Facebook-Seite<\/a> schreiben. <\/p>\t\t\t\t\t\t\t\t<\/div>\n\t\t\t\t<\/div>\n\t\t\t\t<\/div>\n\t\t\t\t\t<\/details>\n\t\t\t\t\t\t<details id=\"e-n-accordion-item-11713\" class=\"e-n-accordion-item\" >\n\t\t\t\t<summary class=\"e-n-accordion-item-title\" data-accordion-index=\"14\" tabindex=\"-1\" aria-expanded=\"false\" aria-controls=\"e-n-accordion-item-11713\" >\n\t\t\t\t\t<span class='e-n-accordion-item-title-header'><h3 class=\"e-n-accordion-item-title-text\"> Ich habe noch weitere Fragen, die Sie nicht beantwortet haben... <\/h3><\/span>\n\t\t\t\t\t\t\t<span class='e-n-accordion-item-title-icon'>\n\t\t\t<span class='e-opened' ><i aria-hidden=\"true\" class=\"fas fa-chevron-left\"><\/i><\/span>\n\t\t\t<span class='e-closed'><i aria-hidden=\"true\" class=\"fas fa-chevron-down\"><\/i><\/span>\n\t\t<\/span>\n\n\t\t\t\t\t\t<\/summary>\n\t\t\t\t<div role=\"region\" aria-labelledby=\"e-n-accordion-item-11713\" class=\"elementor-element elementor-element-846f3a3 e-con-full e-flex wd-section-disabled e-con e-child\" data-id=\"846f3a3\" data-element_type=\"container\" data-e-type=\"container\">\n\t\t\t\t<div class=\"elementor-element elementor-element-ca71add color-scheme-inherit text-left elementor-widget elementor-widget-text-editor\" data-id=\"ca71add\" data-element_type=\"widget\" data-e-type=\"widget\" data-widget_type=\"text-editor.default\">\n\t\t\t\t<div class=\"elementor-widget-container\">\n\t\t\t\t\t\t\t\t\t<p>Ich antworte gerne. Alles, was Sie tun m\u00fcssen, ist <a href=\"https:\/\/pan.pics\/de\/kontakt\/\" target=\"_blank\" rel=\"noopener\">Kontakt aufzunehmen<\/a>! <\/p>\t\t\t\t\t\t\t\t<\/div>\n\t\t\t\t<\/div>\n\t\t\t\t<\/div>\n\t\t\t\t\t<\/details>\n\t\t\t\t\t<\/div>\n\t\t\t\t\t<script type=\"application\/ld+json\">{\"@context\":\"https:\\\/\\\/schema.org\",\"@type\":\"FAQPage\",\"mainEntity\":[{\"@type\":\"Question\",\"name\":\"Was ist der Erstellungsprozess eines handgefertigten Panoramas?\",\"acceptedAnswer\":{\"@type\":\"Answer\",\"text\":\"Der Standort: Am wichtigsten ist die Lage, Lage, Lage. Ich liebe Orte, die aus dem Rahmen der gew\\u00f6hnlichen Landschaft fallen, die wir t\\u00e4glich sehen. Ob oben \\u2013 auf einem Turm, seitlich \\u2013 auf einem Pier oder einem anderen Aussichtspunkt.Wenn ich an einem Ort ankomme, schaue ich mich um und sehe, wo die Landschaft offen ist, welches Element ich in der Mitte des Panoramas haben m\\u00f6chte und welches Element an den Seiten des Panoramas sein soll \\u2013 und bei 360 Grad erscheint es zweimal.  Die Aufnahme: Meist drehe ich mich selbst 360 Grad an derselben Stelle, fotografiere mit \\u00dcberlappungen von etwa einem Drittel bis zur H\\u00e4lfte des Bildes und sorge auch f\\u00fcr Bilder, die den Hintergrund vervollst\\u00e4ndigen (Himmel, Boden). Manchmal, wenn es sich um ein gro\\u00dfes Dach handelt, bewege ich mich um den Umfang des Geb\\u00e4udes oder des Ortes. Ich fotografiere gerne angenehme Dinge f\\u00fcr das Panorama, wie V\\u00f6gel, Busse, Boote und auch Menschen. Und besonders sch\\u00f6n ist es, wenn sie sich bewegen und mehrmals im Panorama erscheinen. Manchmal mache ich das absichtlich beim Fotografieren, und manchmal entdecke ich es erst, wenn ich das Panorama zusammensetze.  Neben den Bildern f\\u00fcr das Panorama fotografiere ich auch einige interessante Aufnahmen, um sie am Ende des Beitrags hinzuzuf\\u00fcgen.Meine ArbeitswerkzeugeDas Zusammenf\\u00fcgen der Bilder: Mein Studio ist mein Zuhause, genauer gesagt der Esstisch, den ich ausziehe, als w\\u00fcrde ich den Sederabend vorbereiten \\ud83d\\ude06 Ich verteile alle einzelnen Bilder auf dem Tisch und platziere jedes in seinem Bereich. Es gibt viele Bilder f\\u00fcr jeden Bereich, und ich finde das Bild, das am besten passt oder f\\u00fcr den Bereich am interessantesten ist, und f\\u00fcge die benachbarten hinzu. Falls n\\u00f6tig, schneide ich mit einer Schere oder einem japanischen Messer. Die Bilder klebe ich mit kleinen doppelseitigen Klebestreifen aneinander.   Ein durchschnittliches Panorama besteht aus zwanzig bis drei\\u00dfig Bildern, die aus f\\u00fcnfzig bis hundert Bildern und manchmal mehr ausgew\\u00e4hlt werden. Die Bilder, die nicht f\\u00fcr das Panorama ausgew\\u00e4hlt wurden, werden in den Recyclingbeh\\u00e4lter geworfen, aber alle Dateien bewahre ich auf. Der gesamte Prozess dauert mehrere gute Stunden. Hier ist ein Video aus einer Live-\\u00dcbertragung, die ich auf Facebook gemacht habe, keine Sorge, es ist auf mindestens eine Minute zusammengefasst:\"}},{\"@type\":\"Question\",\"name\":\"Und was ist der Prozess zur Vorbereitung eines riesigen Panoramas f\\u00fcr einen Kunden?\",\"acceptedAnswer\":{\"@type\":\"Answer\",\"text\":\"Laminierung im OfenF\\u00fcr Kunden erstelle ich Panoramen, die ich bereits angefertigt habe, neu \\u2013 diesmal in gro\\u00df und vorzugsweise in riesig. Ich komme gerne zu Ihnen, messe die vorgesehene Wand, fotografiere sie und erstelle eine Visualisierung und Angebote f\\u00fcr mehrere Optionen. (Fast) auf jeder Seite rechts neben den begleitenden Bildern, unter der Karte, gibt es einen Schieberegler mit Gr\\u00f6\\u00dfenvorschl\\u00e4gen. Nachdem die Gr\\u00f6\\u00dfe ausgew\\u00e4hlt wurde, drucke ich im Fotogesch\\u00e4ft (Photo Royal Digital) die Bilder auf hochwertigem Fotopapier \\u2013 nat\\u00fcrlich nur diejenigen, die ich f\\u00fcr das Panorama ausgew\\u00e4hlt habe, als ich es erstellt habe. Nachdem ich sie aneinandergef\\u00fcgt habe, beschichte ich das Panorama mit Laminierung und bringe es zur Klebefabrik (A.S. Silver in Hadera), wo es in einem speziellen Ofen gepresst wird. Dort kaufe ich auch Klebepappen, auf die ich das neue Panorama klebe, und es ist bereit, zum Kunden zu gelangen, um an der Wand befestigt oder aufgeh\\u00e4ngt zu werden.   Bitte beachten Sie, dass auch dieser Prozess Handarbeit ist und es daher sehr wahrscheinlich ist, dass es leichte Unterschiede in den endg\\u00fcltigen Ma\\u00dfen gibt, sowie in der Reihenfolge der Bilder im Panorama (d. h. wie ein Bild auf das andere geklebt wird) oder beim Zuschneiden der Bilder.\"}},{\"@type\":\"Question\",\"name\":\"Wie kann das Panoramafotobuch als einzigartiges Geschenk f\\u00fcr Unternehmen dienen?\",\"acceptedAnswer\":{\"@type\":\"Answer\",\"text\":\"Ein einzigartiges und unvergessliches Geschenk f\\u00fcr Unternehmen: Ein Panoramafotobuch mit Landschaften unseres LandesBieten Sie Ihren Kunden oder besonderen Delegationen ein bewegendes und prachtvolles Geschenk \\u2013 das Buch \\u201eBlick auf das Heilige Land\\u201c mit wundersch\\u00f6nen Panoramaaufnahmen, die die beeindruckenden Landschaften Israels aus dem ganzen Land zeigen. Jede Seite des Buches ist ein Kunstwerk f\\u00fcr sich, mit spektakul\\u00e4ren Panoramabildern der bekanntesten und beliebtesten Orte im Heiligen Land. Neben den Bildern finden Sie Verse aus der Bibel und klassische hebr\\u00e4ische Lieder, die jeder Seite eine tiefe und bedeutungsvolle Note verleihen. Die Texte erscheinen in drei Sprachen: Hebr\\u00e4isch, Englisch und Franz\\u00f6sisch, was das Buch zu einem perfekten Geschenk f\\u00fcr verschiedene Zielgruppen und kulturelle Hintergr\\u00fcnde macht. Um das Geschenk noch pers\\u00f6nlicher und besonderer zu gestalten, kann das Buch im Namen Ihres Unternehmens produziert werden und eine individuelle Doppelseite mit einem Gru\\u00df, einem Logo auf dem Einband und jedem gew\\u00fcnschten Marketingelement enthalten.Dies ist nicht nur ein Buch \\u2013 es ist ein vollst\\u00e4ndiges Erlebnis von Landschaften, Kultur und Tradition, das bei jedem Empf\\u00e4nger einen tiefen und unvergesslichen Eindruck hinterlassen wird. Machen Sie jedes Geschenk zu etwas Au\\u00dfergew\\u00f6hnlichem und schenken Sie das perfekte Geschenk, das die Geschichte unseres sch\\u00f6nen Landes erz\\u00e4hlt. F\\u00fcr Details und Preise nehmen Sie Kontakt auf.\"}},{\"@type\":\"Question\",\"name\":\"Ist es m\\u00f6glich, ein handgefertigtes Panoramabild individuell anzufertigen?\",\"acceptedAnswer\":{\"@type\":\"Answer\",\"text\":\"Auf jeden Fall ja, es ist m\\u00f6glich, ein handgefertigtes Panoramabild individuell anzufertigen. Sie k\\u00f6nnen die Landschaft, die Gr\\u00f6\\u00dfe und die Details ausw\\u00e4hlen, die Sie in Ihrem Panoramabild haben m\\u00f6chten. Wenn Sie m\\u00f6chten, dass ich bestimmte Details im Panorama abdecke, verberge oder hinzuf\\u00fcge, bin ich offen f\\u00fcr Vorschl\\u00e4ge! Und ich w\\u00fcrde mich sehr freuen, wenn Sie mich an einen Ort schicken, an dem ich noch nie war, um dort zu fotografieren.\"}},{\"@type\":\"Question\",\"name\":\"K\\u00f6nnen die Panoramen gerahmt werden?\",\"acceptedAnswer\":{\"@type\":\"Answer\",\"text\":\"Gerahmtes Panorama mit Laminierung ohne Glas, Rahmengr\\u00f6\\u00dfe 42\\u00d7209 cm.Panoramen bis zu einer Breite von etwa anderthalb Metern k\\u00f6nnen mit Glas gerahmt werden. Bis zu zweieinhalb Meter Breite k\\u00f6nnen mit Laminierungsbeschichtung gerahmt werden. Dar\\u00fcber hinaus ist es nicht m\\u00f6glich, ich habe versucht, L\\u00f6sungen zu finden, aber es ist mir nicht gelungen. Wenn Sie eine Idee haben, w\\u00fcrde ich mich freuen, davon zu h\\u00f6ren!\"}},{\"@type\":\"Question\",\"name\":\"Mit welcher Kamera arbeiten Sie?\",\"acceptedAnswer\":{\"@type\":\"Answer\",\"text\":\"Edna Tager fotografierte mich beim Fotografieren (2016)Ich bin kein Fotograf, ich fotografiere.Das hei\\u00dft, ich bin kein professioneller Fotograf. Ich fotografiere nur im Automatikmodus, stelle weder Blende noch Belichtung ein und wechsle keine Objektive. Viele Jahre lang war ich der PowerShot SX-Serie von Canon treu, der Oberklasse der einfachen Kameras, die keine DSLRs sind. Ich habe f\\u00fcnf Kameras aus dieser hervorragenden Serie besessen, die \\u00fcber ein schwenkbares Display und vor allem \\u00fcber einen unglaublichen optischen Zoom verf\\u00fcgt, der bei der letzten Kamera, der SX60, das 65-fache erreichte. Das entspricht fast anderthalb Metern eines \\u201enormalen\\u201c Objektivs, aber wie gesagt, ich wechsle keine Objektive.    Jahrelang bin ich herumgelaufen, auch w\\u00e4hrend meiner Arbeit bei der Stadtverwaltung (und ich bin im Rahmen meiner Aufgaben viel in der Stadt herumgelaufen) mit einer Kamera um den Hals. Aber die Jahre vergingen und die Technologie entwickelte sich weiter, und in den letzten Jahren fotografiere ich viel mit dem Mobiltelefon (derzeit \\u2013 Xiaomi Redmi Note 13 Pro). F\\u00fcr Tagesaufnahmen ist es ausgezeichnet, und f\\u00fcr Nachtaufnahmen ist es sogar besser als die Canon. Zumindest mit dem Wissen, das ich nicht habe. Aber f\\u00fcr gro\\u00dfe Ausfl\\u00fcge nehme ich die Kamera mit, haupts\\u00e4chlich aus Sehnsucht nach dem Zoom, dem Bildschirm und dem halben Druck, obwohl manchmal die Vorteile der Telefonfotografie die Nachteile \\u00fcberwiegen.\"}},{\"@type\":\"Question\",\"name\":\"Warum verwenden Sie keine Software zur Erstellung von Panoramen?\",\"acceptedAnswer\":{\"@type\":\"Answer\",\"text\":\"Ich wei\\u00df, dass es Software gibt, die Panoramen automatisch erstellt, sowohl am Computer als auch am Telefon. Man l\\u00e4dt die Bilder hoch und innerhalb einer Minute hat man ein perfektes Panorama. Aber das ist nicht das, was ich mache. Computergest\\u00fctzte Panoramen haben meist Verzerrungen, weil der Computer die Bilder verbindet und sie verzerrt, damit sie zusammenpassen. Ich verzerre nicht, ich breche. Genau deshalb kann man in meinen Panoramen 360 Grad in einem Blick mit geradem Horizont sehen, bei computergest\\u00fctzten Panoramen kr\\u00fcmmt sich der Horizont, weil auch unsere Erde rund ist.   Au\\u00dferdem liebe ich es, die Panoramen einschlie\\u00dflich des Erstellungsprozesses zu erstellen, obwohl er viel Zeit in Anspruch nimmt. Oder gerade deshalb. Wenn ich es am Computer mache, w\\u00e4re es nicht so viel Spa\\u00df \\ud83d\\ude01\"}},{\"@type\":\"Question\",\"name\":\"Verwenden Sie wirklich kein Photoshop?\",\"acceptedAnswer\":{\"@type\":\"Answer\",\"text\":\"Oh je, eine AntenneDefinitiv. Ich wei\\u00df nicht, wie man Photoshop benutzt, es ist nicht auf meinem Computer installiert und ich m\\u00f6chte es auch nicht. Ich habe kein Interesse daran, jedes der einzelnen Bilder, aus denen das Panorama besteht, zu korrigieren oder zu retuschieren. Das Maximum, was ich tue, ist das Klicken auf die Schaltfl\\u00e4che \\u201eAuf gut Gl\\u00fcck!\\u201c in Picasa oder die automatische Optimierungstaste am Telefon.   All dies mit Ausnahme eines einzigen Mal: Neben dem Davidsturm gibt es eine Antenne, und ich verstehe nicht, wer genehmigt hat, sie dort aufzustellen. Als ich also das Buch vorbereitete, in dem das Panorama des Jaffa-Tors auf dem Umschlag erscheint und auch innen in der Nachtversion, bat ich darum, die Antenne mit Photoshop zu entfernen. Und noch etwas. Wenn ich ein Panorama fertigstelle, um es auf die Website oder f\\u00fcr Produkte (Buch, Postkarten und weitere Ideen in Vorbereitung) hochzuladen, habe ich es fr\\u00fcher eingescannt. Das ergibt jedoch Belichtungsunterschiede beim Scannen, die manchmal auff\\u00e4llig sind, zumindest f\\u00fcr meine Augen mit der Selbstkritik; es gibt Verschmutzungen, die zusammen mit den Bildern gescannt werden und besonders bei Nachtaufnahmen auffallen; und es ist auch schwierig, die Scanteile so zusammenzuf\\u00fcgen, dass sie gerade herauskommen. Was ich also mache, ist, die Bilder zu nehmen, die das Panorama bilden, und sie erneut zusammenzuf\\u00fcgen \\u2013 diesmal digital, fr\\u00fcher mit PowerPoint und heute mit Canva. Aber es ist immer noch Handarbeit, weil ich genau das nachahme, was ich zuvor auf dem Tisch im Wohnzimmer gemacht habe, genau auf die gleiche Weise und manuell. So entsteht ein gerades, sauberes und viel sch\\u00f6neres Bild.\"}},{\"@type\":\"Question\",\"name\":\"Wie viele handgefertigte Panoramen haben Sie bisher erstellt?\",\"acceptedAnswer\":{\"@type\":\"Answer\",\"text\":\"Stand Februar 2026 habe ich 273 handgefertigte Panoramen erstellt, bestehend aus 5.341 Einzelbildern mit einer Gesamtl\\u00e4nge von etwa 277 Metern. Und das nur von den Basispanoramen in der Gr\\u00f6\\u00dfe 10\\u00d715 cm. Die Website wird langsam gef\\u00fcllt, aber auch wenn ich mit dem Hochladen der alten Materialien fertig bin, werden Sie nicht alle Panoramen hier sehen, einige behalte ich aus Gr\\u00fcnden, die bei mir bleiben, f\\u00fcr mich \\ud83e\\udd10\"}},{\"@type\":\"Question\",\"name\":\"Was ist Ihr l\\u00e4ngstes Panorama?\",\"acceptedAnswer\":{\"@type\":\"Answer\",\"text\":\"Das l\\u00e4ngste Bild, das ich bisher erstellt habe, ist das vom Rothschild Boulevard w\\u00e4hrend der Proteste von 2011. Nicht 360, sondern nur 180 Grad, aber gerade deshalb ist es lang&#8230; achtzehneinhalb Meter! Und das aus Bildern in der Gr\\u00f6\\u00dfe 10\\u00d715.   Seitdem wird es in einer sehr angesehenen Unterkunft ausgestellt, \\u00fcber drei Stockwerke im Treppenhaus des Naftali-Geb\\u00e4udes \\u2013 der Fakult\\u00e4t f\\u00fcr Sozialwissenschaften an der Universit\\u00e4t Tel Aviv.\"}},{\"@type\":\"Question\",\"name\":\"Was war Ihr erstes Panorama?\",\"acceptedAnswer\":{\"@type\":\"Answer\",\"text\":\"Das erste Panorama, das ich erstellt und handgefertigt zusammengef\\u00fcgt habe, ist das vom Dach des Montparnasse-Turms in Paris, im Juni 1999, vor mehr als einem Vierteljahrhundert. Seitdem habe ich mich weiterentwickelt und die Technik verfeinert, aber ich habe auch eine warme Ecke im Herzen sowohl f\\u00fcr die Stadt als auch f\\u00fcr dieses Panorama.\"}},{\"@type\":\"Question\",\"name\":\"Was kostet ein handgefertigtes Panorama?\",\"acceptedAnswer\":{\"@type\":\"Answer\",\"text\":\"Der Preis variiert je nach gew\\u00fcnschter Gr\\u00f6\\u00dfe, Anzahl der Einzelbilder, die das Panorama bilden, den erforderlichen Materialien \\u00fcber die Bilder hinaus und der erforderlichen Arbeitszeit. F\\u00fcr jedes zum Verkauf stehende Panorama (es gibt einige wenige, die ich f\\u00fcr mich behalte) gibt es einen Schieberegler unter der Karte, mit dem Sie die gew\\u00fcnschte Gr\\u00f6\\u00dfe einstellen k\\u00f6nnen, und Sie k\\u00f6nnen darin den Preis f\\u00fcr das Panorama mit Laminierung auf Kappa sehen; wenn Sie zus\\u00e4tzliche Verarbeitung oder Rahmung w\\u00fcnschen, sind damit zus\\u00e4tzliche Kosten verbunden. Sie k\\u00f6nnen Kontakt aufnehmen, um ein individuelles Angebot entsprechend Ihren Bed\\u00fcrfnissen und Anforderungen zu erhalten.Selbstverst\\u00e4ndlich wird bei Bestellung mehrerer Panoramen zusammen ein entsprechender Rabatt gew\\u00e4hrt.\"}},{\"@type\":\"Question\",\"name\":\"Mir gefallen die Panoramen! Wo kann ich eine Bewertung schreiben?\",\"acceptedAnswer\":{\"@type\":\"Answer\",\"text\":\"Vielen Dank! Hier ist der Link zu den Google-Bewertungen, und Sie k\\u00f6nnen auch auf der Facebook-Seite schreiben.\"}},{\"@type\":\"Question\",\"name\":\"Ich habe noch weitere Fragen, die Sie nicht beantwortet haben...\",\"acceptedAnswer\":{\"@type\":\"Answer\",\"text\":\"Ich antworte gerne. Alles, was Sie tun m\\u00fcssen, ist Kontakt aufzunehmen!\"}}]}<\/script>\n\t\t\t\t\t\t\t<\/div>\n\t\t\t\t<\/div>\n\t\t\t\t\t<\/div>\n\t\t<\/div>\n\t\t\t\t\t<\/div>\n\t\t<\/section>\n\t\t\t\t<section class=\"elementor-section elementor-top-section elementor-element elementor-element-6d189b5 elementor-section-boxed elementor-section-height-default elementor-section-height-default wd-section-disabled\" data-id=\"6d189b5\" data-element_type=\"section\" data-e-type=\"section\">\n\t\t\t\t\t\t<div class=\"elementor-container elementor-column-gap-default\">\n\t\t\t\t\t<div class=\"elementor-column elementor-col-100 elementor-top-column elementor-element elementor-element-6a71546\" data-id=\"6a71546\" data-element_type=\"column\" data-e-type=\"column\">\n\t\t\t<div class=\"elementor-widget-wrap elementor-element-populated\">\n\t\t\t\t\t\t<div class=\"elementor-element elementor-element-3084430 elementor-widget elementor-widget-menu-anchor\" data-id=\"3084430\" data-element_type=\"widget\" data-e-type=\"widget\" data-widget_type=\"menu-anchor.default\">\n\t\t\t\t<div class=\"elementor-widget-container\">\n\t\t\t\t\t\t\t<div class=\"elementor-menu-anchor\" id=\"Neuigkeiten\"><\/div>\n\t\t\t\t\t\t<\/div>\n\t\t\t\t<\/div>\n\t\t\t\t<div class=\"elementor-element elementor-element-5a5cccb elementor-widget elementor-widget-wd_title\" data-id=\"5a5cccb\" data-element_type=\"widget\" data-e-type=\"widget\" data-widget_type=\"wd_title.default\">\n\t\t\t\t<div class=\"elementor-widget-container\">\n\t\t\t\t\t\t\t<div class=\"title-wrapper set-mb-s reset-last-child wd-title-color-default wd-title-style-default wd-title-size-default text-right\">\n\n\t\t\t\n\t\t\t<div class=\"liner-continer\">\n\t\t\t\t<h6 class=\"woodmart-title-container title wd-fontsize-l\">Presseartikel:<\/h6> \n\t\t\t\t\t\t\t<\/div>\n\n\t\t\t\t\t<\/div>\n\t\t\t\t\t\t<\/div>\n\t\t\t\t<\/div>\n\t\t\t\t\t<\/div>\n\t\t<\/div>\n\t\t\t\t\t<\/div>\n\t\t<\/section>\n\t\t\t\t<section class=\"elementor-section elementor-top-section elementor-element elementor-element-0d4f4b2 elementor-section-boxed elementor-section-height-default elementor-section-height-default wd-section-disabled\" data-id=\"0d4f4b2\" data-element_type=\"section\" data-e-type=\"section\">\n\t\t\t\t\t\t<div class=\"elementor-container elementor-column-gap-default\">\n\t\t\t\t\t<div class=\"elementor-column elementor-col-100 elementor-top-column elementor-element elementor-element-936c00d elementor-invisible\" data-id=\"936c00d\" data-element_type=\"column\" data-e-type=\"column\" data-settings=\"{&quot;animation&quot;:&quot;fadeInRight&quot;}\">\n\t\t\t<div class=\"elementor-widget-wrap elementor-element-populated\">\n\t\t\t\t\t\t<div class=\"elementor-element elementor-element-69c30ed elementor-widget elementor-widget-wd_text_block\" data-id=\"69c30ed\" data-element_type=\"widget\" data-e-type=\"widget\" data-widget_type=\"wd_text_block.default\">\n\t\t\t\t<div class=\"elementor-widget-container\">\n\t\t\t\t\t\t\t<div class=\"wd-text-block reset-last-child text-center\">\n\t\t\t\n\t\t\t<p>HaOlam HaBoker, Reshet, 31.5.2018:<\/p>\n\t\t\t\t\t<\/div>\n\t\t\t\t\t\t<\/div>\n\t\t\t\t<\/div>\n\t\t\t\t<div class=\"elementor-element elementor-element-a3e5a02 elementor-widget elementor-widget-video\" data-id=\"a3e5a02\" data-element_type=\"widget\" data-e-type=\"widget\" data-settings=\"{&quot;youtube_url&quot;:&quot;https:\\\/\\\/www.youtube.com\\\/watch?v=pDqncQ_JzUw&quot;,&quot;video_type&quot;:&quot;youtube&quot;,&quot;controls&quot;:&quot;yes&quot;}\" data-widget_type=\"video.default\">\n\t\t\t\t<div class=\"elementor-widget-container\">\n\t\t\t\t\t\t\t<div class=\"elementor-wrapper elementor-open-inline\">\n\t\t\t<div class=\"elementor-video\"><\/div>\t\t<\/div>\n\t\t\t\t\t\t<\/div>\n\t\t\t\t<\/div>\n\t\t\t\t\t<\/div>\n\t\t<\/div>\n\t\t\t\t\t<\/div>\n\t\t<\/section>\n\t\t\t\t<section class=\"elementor-section elementor-top-section elementor-element elementor-element-2771014 elementor-section-content-middle elementor-section-boxed elementor-section-height-default elementor-section-height-default wd-section-disabled\" data-id=\"2771014\" data-element_type=\"section\" data-e-type=\"section\">\n\t\t\t\t\t\t<div class=\"elementor-container elementor-column-gap-default\">\n\t\t\t\t\t<div class=\"elementor-column elementor-col-100 elementor-top-column elementor-element elementor-element-7ea226c elementor-invisible\" data-id=\"7ea226c\" data-element_type=\"column\" data-e-type=\"column\" data-settings=\"{&quot;animation&quot;:&quot;fadeInRight&quot;}\">\n\t\t\t<div class=\"elementor-widget-wrap elementor-element-populated\">\n\t\t\t\t\t\t<div class=\"elementor-element elementor-element-c6166d3 elementor-widget elementor-widget-wd_text_block\" data-id=\"c6166d3\" data-element_type=\"widget\" data-e-type=\"widget\" data-widget_type=\"wd_text_block.default\">\n\t\t\t\t<div class=\"elementor-widget-container\">\n\t\t\t\t\t\t\t<div class=\"wd-text-block reset-last-child text-center\">\n\t\t\t\n\t\t\t<p>Judaica in the Spotlight, 22.5.2019<\/p>\n\t\t\t\t\t<\/div>\n\t\t\t\t\t\t<\/div>\n\t\t\t\t<\/div>\n\t\t\t\t<div class=\"elementor-element elementor-element-c785d60 elementor-widget elementor-widget-wd_image_or_svg\" data-id=\"c785d60\" data-element_type=\"widget\" data-e-type=\"widget\" data-widget_type=\"wd_image_or_svg.default\">\n\t\t\t\t<div class=\"elementor-widget-container\">\n\t\t\t\t\t\n\t\t<div class=\"wd-image text-center\">\n\t\t\t\t\t\t\t<a  href=\"https:\/\/judaicainthespotlight.com\/meet-the-artist-moti-pinhassi-of-holy-glance\/\" target=\"_blank\">\n\t\t\t\t\t\t\t\t<img loading=\"lazy\" decoding=\"async\" width=\"897\" height=\"343\" src=\"https:\/\/pan.pics\/wp-content\/uploads\/2024\/04\/2019-5-spotlight-t.jpg\" class=\"attachment-full size-full wp-image-17108\" alt=\"\" srcset=\"https:\/\/pan.pics\/wp-content\/uploads\/2024\/04\/2019-5-spotlight-t.jpg 897w, https:\/\/pan.pics\/wp-content\/uploads\/2024\/04\/2019-5-spotlight-t-400x153.jpg 400w, https:\/\/pan.pics\/wp-content\/uploads\/2024\/04\/2019-5-spotlight-t-768x294.jpg 768w, https:\/\/pan.pics\/wp-content\/uploads\/2024\/04\/2019-5-spotlight-t-860x329.jpg 860w, https:\/\/pan.pics\/wp-content\/uploads\/2024\/04\/2019-5-spotlight-t-430x164.jpg 430w, https:\/\/pan.pics\/wp-content\/uploads\/2024\/04\/2019-5-spotlight-t-700x268.jpg 700w, https:\/\/pan.pics\/wp-content\/uploads\/2024\/04\/2019-5-spotlight-t-150x57.jpg 150w\" sizes=\"(max-width: 897px) 100vw, 897px\" \/>\t\t\t\t\t\t\t<\/a>\n\t\t\t\t\t<\/div>\n\n\t\t\t\t\t\t<\/div>\n\t\t\t\t<\/div>\n\t\t\t\t\t<\/div>\n\t\t<\/div>\n\t\t\t\t\t<\/div>\n\t\t<\/section>\n\t\t\t\t<section class=\"elementor-section elementor-top-section elementor-element elementor-element-4ccb8c5 elementor-section-content-middle elementor-section-boxed elementor-section-height-default elementor-section-height-default wd-section-disabled\" data-id=\"4ccb8c5\" data-element_type=\"section\" data-e-type=\"section\">\n\t\t\t\t\t\t<div class=\"elementor-container elementor-column-gap-default\">\n\t\t\t\t\t<div class=\"elementor-column elementor-col-100 elementor-top-column elementor-element elementor-element-d835809 elementor-invisible\" data-id=\"d835809\" data-element_type=\"column\" data-e-type=\"column\" data-settings=\"{&quot;animation&quot;:&quot;fadeInRight&quot;}\">\n\t\t\t<div class=\"elementor-widget-wrap elementor-element-populated\">\n\t\t\t\t\t\t<div class=\"elementor-element elementor-element-0fa9bf3 elementor-widget elementor-widget-wd_text_block\" data-id=\"0fa9bf3\" data-element_type=\"widget\" data-e-type=\"widget\" data-widget_type=\"wd_text_block.default\">\n\t\t\t\t<div class=\"elementor-widget-container\">\n\t\t\t\t\t\t\t<div class=\"wd-text-block reset-last-child text-center\">\n\t\t\t\n\t\t\t<p>Trouver En Isra\u00ebl, 20.2.2019<\/p>\n\t\t\t\t\t<\/div>\n\t\t\t\t\t\t<\/div>\n\t\t\t\t<\/div>\n\t\t\t\t<div class=\"elementor-element elementor-element-84e83aa elementor-widget elementor-widget-wd_image_or_svg\" data-id=\"84e83aa\" data-element_type=\"widget\" data-e-type=\"widget\" data-widget_type=\"wd_image_or_svg.default\">\n\t\t\t\t<div class=\"elementor-widget-container\">\n\t\t\t\t\t\n\t\t<div class=\"wd-image text-center\">\n\t\t\t\t\t\t\t<a  href=\"https:\/\/www.trouverenisrael.co.il\/livre-panoramique-holyglance\/\" target=\"_blank\">\n\t\t\t\t\t\t\t\t<img loading=\"lazy\" decoding=\"async\" width=\"951\" height=\"581\" src=\"https:\/\/pan.pics\/wp-content\/uploads\/2024\/04\/2019-2-trouver-t.jpg\" class=\"attachment-full size-full wp-image-17112\" alt=\"\" srcset=\"https:\/\/pan.pics\/wp-content\/uploads\/2024\/04\/2019-2-trouver-t.jpg 951w, https:\/\/pan.pics\/wp-content\/uploads\/2024\/04\/2019-2-trouver-t-400x244.jpg 400w, https:\/\/pan.pics\/wp-content\/uploads\/2024\/04\/2019-2-trouver-t-768x469.jpg 768w, https:\/\/pan.pics\/wp-content\/uploads\/2024\/04\/2019-2-trouver-t-860x525.jpg 860w, https:\/\/pan.pics\/wp-content\/uploads\/2024\/04\/2019-2-trouver-t-430x263.jpg 430w, https:\/\/pan.pics\/wp-content\/uploads\/2024\/04\/2019-2-trouver-t-700x428.jpg 700w, https:\/\/pan.pics\/wp-content\/uploads\/2024\/04\/2019-2-trouver-t-150x92.jpg 150w\" sizes=\"(max-width: 951px) 100vw, 951px\" \/>\t\t\t\t\t\t\t<\/a>\n\t\t\t\t\t<\/div>\n\n\t\t\t\t\t\t<\/div>\n\t\t\t\t<\/div>\n\t\t\t\t\t<\/div>\n\t\t<\/div>\n\t\t\t\t\t<\/div>\n\t\t<\/section>\n\t\t\t\t<section class=\"elementor-section elementor-top-section elementor-element elementor-element-80da176 elementor-section-boxed elementor-section-height-default elementor-section-height-default wd-section-disabled\" data-id=\"80da176\" data-element_type=\"section\" data-e-type=\"section\">\n\t\t\t\t\t\t<div class=\"elementor-container elementor-column-gap-default\">\n\t\t\t\t\t<div class=\"elementor-column elementor-col-100 elementor-top-column elementor-element elementor-element-83ba1ef elementor-invisible\" data-id=\"83ba1ef\" data-element_type=\"column\" data-e-type=\"column\" data-settings=\"{&quot;animation&quot;:&quot;fadeInRight&quot;}\">\n\t\t\t<div class=\"elementor-widget-wrap elementor-element-populated\">\n\t\t\t\t\t\t<div class=\"elementor-element elementor-element-e67ce3c elementor-widget elementor-widget-wd_text_block\" data-id=\"e67ce3c\" data-element_type=\"widget\" data-e-type=\"widget\" data-widget_type=\"wd_text_block.default\">\n\t\t\t\t<div class=\"elementor-widget-container\">\n\t\t\t\t\t\t\t<div class=\"wd-text-block reset-last-child text-center\">\n\t\t\t\n\t\t\t<p>Virag Gulash, 23.4.2018, The Times of Israel:<\/p>\n\t\t\t\t\t<\/div>\n\t\t\t\t\t\t<\/div>\n\t\t\t\t<\/div>\n\t\t\t\t<div class=\"elementor-element elementor-element-6632ce0 elementor-widget elementor-widget-wd_image_or_svg\" data-id=\"6632ce0\" data-element_type=\"widget\" data-e-type=\"widget\" data-widget_type=\"wd_image_or_svg.default\">\n\t\t\t\t<div class=\"elementor-widget-container\">\n\t\t\t\t\t\n\t\t<div class=\"wd-image text-center\">\n\t\t\t\t\t\t\t<a  href=\"https:\/\/blogs.timesofisrael.com\/spreading-the-beauty-of-israel-without-the-political-buzz\/\" target=\"_blank\">\n\t\t\t\t\t\t\t\t<img loading=\"lazy\" decoding=\"async\" width=\"990\" height=\"309\" src=\"https:\/\/pan.pics\/wp-content\/uploads\/2024\/04\/2018-4-times-of-israel-virag-t.jpg\" class=\"attachment-full size-full wp-image-17113\" alt=\"\" srcset=\"https:\/\/pan.pics\/wp-content\/uploads\/2024\/04\/2018-4-times-of-israel-virag-t.jpg 990w, https:\/\/pan.pics\/wp-content\/uploads\/2024\/04\/2018-4-times-of-israel-virag-t-400x125.jpg 400w, https:\/\/pan.pics\/wp-content\/uploads\/2024\/04\/2018-4-times-of-israel-virag-t-768x240.jpg 768w, https:\/\/pan.pics\/wp-content\/uploads\/2024\/04\/2018-4-times-of-israel-virag-t-860x268.jpg 860w, https:\/\/pan.pics\/wp-content\/uploads\/2024\/04\/2018-4-times-of-israel-virag-t-430x134.jpg 430w, https:\/\/pan.pics\/wp-content\/uploads\/2024\/04\/2018-4-times-of-israel-virag-t-700x218.jpg 700w, https:\/\/pan.pics\/wp-content\/uploads\/2024\/04\/2018-4-times-of-israel-virag-t-150x47.jpg 150w\" sizes=\"(max-width: 990px) 100vw, 990px\" \/>\t\t\t\t\t\t\t<\/a>\n\t\t\t\t\t<\/div>\n\n\t\t\t\t\t\t<\/div>\n\t\t\t\t<\/div>\n\t\t\t\t\t<\/div>\n\t\t<\/div>\n\t\t\t\t\t<\/div>\n\t\t<\/section>\n\t\t\t\t<section class=\"elementor-section elementor-top-section elementor-element elementor-element-2be1c98 elementor-section-boxed elementor-section-height-default elementor-section-height-default wd-section-disabled\" data-id=\"2be1c98\" data-element_type=\"section\" data-e-type=\"section\">\n\t\t\t\t\t\t<div class=\"elementor-container elementor-column-gap-default\">\n\t\t\t\t\t<div class=\"elementor-column elementor-col-100 elementor-top-column elementor-element elementor-element-4acd124 elementor-invisible\" data-id=\"4acd124\" data-element_type=\"column\" data-e-type=\"column\" data-settings=\"{&quot;animation&quot;:&quot;fadeInRight&quot;}\">\n\t\t\t<div class=\"elementor-widget-wrap elementor-element-populated\">\n\t\t\t\t\t\t<div class=\"elementor-element elementor-element-2f754a9 elementor-widget elementor-widget-wd_text_block\" data-id=\"2f754a9\" data-element_type=\"widget\" data-e-type=\"widget\" data-widget_type=\"wd_text_block.default\">\n\t\t\t\t<div class=\"elementor-widget-container\">\n\t\t\t\t\t\t\t<div class=\"wd-text-block reset-last-child text-center\">\n\t\t\t\n\t\t\t<p>Ruti Berman, 27.4.2018, Hadshot Netanya: Titelstory!<\/p>\n\t\t\t\t\t<\/div>\n\t\t\t\t\t\t<\/div>\n\t\t\t\t<\/div>\n\t\t\t\t<div class=\"elementor-element elementor-element-f1f2252 elementor-widget__width-auto elementor-widget elementor-widget-wd_image_or_svg\" data-id=\"f1f2252\" data-element_type=\"widget\" data-e-type=\"widget\" data-widget_type=\"wd_image_or_svg.default\">\n\t\t\t\t<div class=\"elementor-widget-container\">\n\t\t\t\t\t\n\t\t<div class=\"wd-image text-left\">\n\t\t\t\t\t\t\t<a  href=\"http:\/\/pan.pics\/wp-content\/uploads\/2024\/04\/2018-4-hadshot-cover.jpg\" target=\"_blank\">\n\t\t\t\t\t\t\t\t<img loading=\"lazy\" decoding=\"async\" width=\"415\" height=\"415\" src=\"https:\/\/pan.pics\/wp-content\/uploads\/2024\/04\/2018-4-hadshot-cover-t.jpg\" class=\"attachment-full size-full wp-image-17117\" alt=\"\" srcset=\"https:\/\/pan.pics\/wp-content\/uploads\/2024\/04\/2018-4-hadshot-cover-t.jpg 415w, https:\/\/pan.pics\/wp-content\/uploads\/2024\/04\/2018-4-hadshot-cover-t-300x300.jpg 300w, https:\/\/pan.pics\/wp-content\/uploads\/2024\/04\/2018-4-hadshot-cover-t-150x150.jpg 150w\" sizes=\"(max-width: 415px) 100vw, 415px\" \/>\t\t\t\t\t\t\t<\/a>\n\t\t\t\t\t<\/div>\n\n\t\t\t\t\t\t<\/div>\n\t\t\t\t<\/div>\n\t\t\t\t<div class=\"elementor-element elementor-element-3e2b774 elementor-widget__width-auto elementor-widget elementor-widget-wd_image_or_svg\" data-id=\"3e2b774\" data-element_type=\"widget\" data-e-type=\"widget\" data-widget_type=\"wd_image_or_svg.default\">\n\t\t\t\t<div class=\"elementor-widget-container\">\n\t\t\t\t\t\n\t\t<div class=\"wd-image text-left\">\n\t\t\t\t\t\t\t<a  href=\"http:\/\/pan.pics\/wp-content\/uploads\/2024\/04\/2018-4-hadshot-story.jpg\" target=\"_blank\">\n\t\t\t\t\t\t\t\t<img loading=\"lazy\" decoding=\"async\" width=\"567\" height=\"415\" src=\"https:\/\/pan.pics\/wp-content\/uploads\/2024\/04\/2018-4-hadshot-story-t.jpg\" class=\"attachment-full size-full wp-image-17118\" alt=\"\" srcset=\"https:\/\/pan.pics\/wp-content\/uploads\/2024\/04\/2018-4-hadshot-story-t.jpg 567w, https:\/\/pan.pics\/wp-content\/uploads\/2024\/04\/2018-4-hadshot-story-t-400x293.jpg 400w, https:\/\/pan.pics\/wp-content\/uploads\/2024\/04\/2018-4-hadshot-story-t-430x315.jpg 430w, https:\/\/pan.pics\/wp-content\/uploads\/2024\/04\/2018-4-hadshot-story-t-150x110.jpg 150w\" sizes=\"(max-width: 567px) 100vw, 567px\" \/>\t\t\t\t\t\t\t<\/a>\n\t\t\t\t\t<\/div>\n\n\t\t\t\t\t\t<\/div>\n\t\t\t\t<\/div>\n\t\t\t\t\t<\/div>\n\t\t<\/div>\n\t\t\t\t\t<\/div>\n\t\t<\/section>\n\t\t\t\t<section class=\"elementor-section elementor-top-section elementor-element elementor-element-9dad61d elementor-section-boxed elementor-section-height-default elementor-section-height-default wd-section-disabled\" data-id=\"9dad61d\" data-element_type=\"section\" data-e-type=\"section\">\n\t\t\t\t\t\t<div class=\"elementor-container elementor-column-gap-default\">\n\t\t\t\t\t<div class=\"elementor-column elementor-col-100 elementor-top-column elementor-element elementor-element-0c9ac0c elementor-invisible\" data-id=\"0c9ac0c\" data-element_type=\"column\" data-e-type=\"column\" data-settings=\"{&quot;animation&quot;:&quot;fadeInRight&quot;}\">\n\t\t\t<div class=\"elementor-widget-wrap elementor-element-populated\">\n\t\t\t\t\t\t<div class=\"elementor-element elementor-element-e6843ce elementor-widget elementor-widget-wd_text_block\" data-id=\"e6843ce\" data-element_type=\"widget\" data-e-type=\"widget\" data-widget_type=\"wd_text_block.default\">\n\t\t\t\t<div class=\"elementor-widget-container\">\n\t\t\t\t\t\t\t<div class=\"wd-text-block reset-last-child text-center\">\n\t\t\t\n\t\t\t<p>Ilana Strauss, From The Grapevine, 28.4.2015<\/p>\n\t\t\t\t\t<\/div>\n\t\t\t\t\t\t<\/div>\n\t\t\t\t<\/div>\n\t\t\t\t<div class=\"elementor-element elementor-element-d4826c7 elementor-widget elementor-widget-wd_image_or_svg\" data-id=\"d4826c7\" data-element_type=\"widget\" data-e-type=\"widget\" data-widget_type=\"wd_image_or_svg.default\">\n\t\t\t\t<div class=\"elementor-widget-container\">\n\t\t\t\t\t\n\t\t<div class=\"wd-image text-center\">\n\t\t\t\t\t\t\t<a  href=\"http:\/\/pan.pics\/wp-content\/uploads\/2024\/04\/2015-4-grapevine-headstart.jpg\" target=\"_blank\">\n\t\t\t\t\t\t\t\t<img loading=\"lazy\" decoding=\"async\" width=\"990\" height=\"507\" src=\"https:\/\/pan.pics\/wp-content\/uploads\/2024\/04\/2015-4-grapevine-headstart-t.jpg\" class=\"attachment-full size-full wp-image-17145\" alt=\"\" srcset=\"https:\/\/pan.pics\/wp-content\/uploads\/2024\/04\/2015-4-grapevine-headstart-t.jpg 990w, https:\/\/pan.pics\/wp-content\/uploads\/2024\/04\/2015-4-grapevine-headstart-t-400x205.jpg 400w, https:\/\/pan.pics\/wp-content\/uploads\/2024\/04\/2015-4-grapevine-headstart-t-768x393.jpg 768w, https:\/\/pan.pics\/wp-content\/uploads\/2024\/04\/2015-4-grapevine-headstart-t-860x440.jpg 860w, https:\/\/pan.pics\/wp-content\/uploads\/2024\/04\/2015-4-grapevine-headstart-t-430x220.jpg 430w, https:\/\/pan.pics\/wp-content\/uploads\/2024\/04\/2015-4-grapevine-headstart-t-700x358.jpg 700w, https:\/\/pan.pics\/wp-content\/uploads\/2024\/04\/2015-4-grapevine-headstart-t-150x77.jpg 150w\" sizes=\"(max-width: 990px) 100vw, 990px\" \/>\t\t\t\t\t\t\t<\/a>\n\t\t\t\t\t<\/div>\n\n\t\t\t\t\t\t<\/div>\n\t\t\t\t<\/div>\n\t\t\t\t\t<\/div>\n\t\t<\/div>\n\t\t\t\t\t<\/div>\n\t\t<\/section>\n\t\t\t\t<section class=\"elementor-section elementor-top-section elementor-element elementor-element-07ed5dd elementor-section-boxed elementor-section-height-default elementor-section-height-default wd-section-disabled\" data-id=\"07ed5dd\" data-element_type=\"section\" data-e-type=\"section\">\n\t\t\t\t\t\t<div class=\"elementor-container elementor-column-gap-default\">\n\t\t\t\t\t<div class=\"elementor-column elementor-col-100 elementor-top-column elementor-element elementor-element-9119c41 elementor-invisible\" data-id=\"9119c41\" data-element_type=\"column\" data-e-type=\"column\" data-settings=\"{&quot;animation&quot;:&quot;fadeInRight&quot;}\">\n\t\t\t<div class=\"elementor-widget-wrap elementor-element-populated\">\n\t\t\t\t\t\t<div class=\"elementor-element elementor-element-897bc03 elementor-widget elementor-widget-wd_text_block\" data-id=\"897bc03\" data-element_type=\"widget\" data-e-type=\"widget\" data-widget_type=\"wd_text_block.default\">\n\t\t\t\t<div class=\"elementor-widget-container\">\n\t\t\t\t\t\t\t<div class=\"wd-text-block reset-last-child text-center\">\n\t\t\t\n\t\t\t<p>Rachel Neiman, Israel 21C, 17.4.2015<\/p>\n\t\t\t\t\t<\/div>\n\t\t\t\t\t\t<\/div>\n\t\t\t\t<\/div>\n\t\t\t\t<div class=\"elementor-element elementor-element-de44b58 elementor-widget elementor-widget-wd_image_or_svg\" data-id=\"de44b58\" data-element_type=\"widget\" data-e-type=\"widget\" data-widget_type=\"wd_image_or_svg.default\">\n\t\t\t\t<div class=\"elementor-widget-container\">\n\t\t\t\t\t\n\t\t<div class=\"wd-image text-center\">\n\t\t\t\t\t\t\t<a  href=\"https:\/\/www.israel21c.org\/a-personal-panorama-of-israel\/\" target=\"_blank\">\n\t\t\t\t\t\t\t\t<img loading=\"lazy\" decoding=\"async\" width=\"990\" height=\"444\" src=\"https:\/\/pan.pics\/wp-content\/uploads\/2024\/04\/2015-4-israel21c-headstart-t.jpg\" class=\"attachment-full size-full wp-image-17156\" alt=\"\" srcset=\"https:\/\/pan.pics\/wp-content\/uploads\/2024\/04\/2015-4-israel21c-headstart-t.jpg 990w, https:\/\/pan.pics\/wp-content\/uploads\/2024\/04\/2015-4-israel21c-headstart-t-400x179.jpg 400w, https:\/\/pan.pics\/wp-content\/uploads\/2024\/04\/2015-4-israel21c-headstart-t-768x344.jpg 768w, https:\/\/pan.pics\/wp-content\/uploads\/2024\/04\/2015-4-israel21c-headstart-t-860x386.jpg 860w, https:\/\/pan.pics\/wp-content\/uploads\/2024\/04\/2015-4-israel21c-headstart-t-430x193.jpg 430w, https:\/\/pan.pics\/wp-content\/uploads\/2024\/04\/2015-4-israel21c-headstart-t-700x314.jpg 700w, https:\/\/pan.pics\/wp-content\/uploads\/2024\/04\/2015-4-israel21c-headstart-t-150x67.jpg 150w\" sizes=\"(max-width: 990px) 100vw, 990px\" \/>\t\t\t\t\t\t\t<\/a>\n\t\t\t\t\t<\/div>\n\n\t\t\t\t\t\t<\/div>\n\t\t\t\t<\/div>\n\t\t\t\t\t<\/div>\n\t\t<\/div>\n\t\t\t\t\t<\/div>\n\t\t<\/section>\n\t\t\t\t<section class=\"elementor-section elementor-top-section elementor-element elementor-element-e423896 elementor-section-boxed elementor-section-height-default elementor-section-height-default wd-section-disabled\" data-id=\"e423896\" data-element_type=\"section\" data-e-type=\"section\">\n\t\t\t\t\t\t<div class=\"elementor-container elementor-column-gap-default\">\n\t\t\t\t\t<div class=\"elementor-column elementor-col-100 elementor-top-column elementor-element elementor-element-fd372a5 elementor-invisible\" data-id=\"fd372a5\" data-element_type=\"column\" data-e-type=\"column\" data-settings=\"{&quot;animation&quot;:&quot;fadeInRight&quot;}\">\n\t\t\t<div class=\"elementor-widget-wrap elementor-element-populated\">\n\t\t\t\t\t\t<div class=\"elementor-element elementor-element-39e4c24 elementor-widget elementor-widget-wd_text_block\" data-id=\"39e4c24\" data-element_type=\"widget\" data-e-type=\"widget\" data-widget_type=\"wd_text_block.default\">\n\t\t\t\t<div class=\"elementor-widget-container\">\n\t\t\t\t\t\t\t<div class=\"wd-text-block reset-last-child text-center\">\n\t\t\t\n\t\t\t<p>Ruti Berman, Hadshot Netanya 27.3.2015<\/p>\n\t\t\t\t\t<\/div>\n\t\t\t\t\t\t<\/div>\n\t\t\t\t<\/div>\n\t\t\t\t<div class=\"elementor-element elementor-element-45cc030 elementor-widget elementor-widget-wd_image_or_svg\" data-id=\"45cc030\" data-element_type=\"widget\" data-e-type=\"widget\" data-widget_type=\"wd_image_or_svg.default\">\n\t\t\t\t<div class=\"elementor-widget-container\">\n\t\t\t\t\t\n\t\t<div class=\"wd-image text-center\">\n\t\t\t\t\t\t\t<a  href=\"http:\/\/pan.pics\/wp-content\/uploads\/2024\/04\/2015-3-headstart-hadshot.jpg\" target=\"_blank\">\n\t\t\t\t\t\t\t\t<img loading=\"lazy\" decoding=\"async\" width=\"990\" height=\"330\" src=\"https:\/\/pan.pics\/wp-content\/uploads\/2024\/04\/2015-3-headstart-hadshot-t.jpg\" class=\"attachment-full size-full wp-image-17160\" alt=\"\" srcset=\"https:\/\/pan.pics\/wp-content\/uploads\/2024\/04\/2015-3-headstart-hadshot-t.jpg 990w, https:\/\/pan.pics\/wp-content\/uploads\/2024\/04\/2015-3-headstart-hadshot-t-400x133.jpg 400w, https:\/\/pan.pics\/wp-content\/uploads\/2024\/04\/2015-3-headstart-hadshot-t-768x256.jpg 768w, https:\/\/pan.pics\/wp-content\/uploads\/2024\/04\/2015-3-headstart-hadshot-t-860x287.jpg 860w, https:\/\/pan.pics\/wp-content\/uploads\/2024\/04\/2015-3-headstart-hadshot-t-430x143.jpg 430w, https:\/\/pan.pics\/wp-content\/uploads\/2024\/04\/2015-3-headstart-hadshot-t-700x233.jpg 700w, https:\/\/pan.pics\/wp-content\/uploads\/2024\/04\/2015-3-headstart-hadshot-t-150x50.jpg 150w\" sizes=\"(max-width: 990px) 100vw, 990px\" \/>\t\t\t\t\t\t\t<\/a>\n\t\t\t\t\t<\/div>\n\n\t\t\t\t\t\t<\/div>\n\t\t\t\t<\/div>\n\t\t\t\t\t<\/div>\n\t\t<\/div>\n\t\t\t\t\t<\/div>\n\t\t<\/section>\n\t\t\t\t<section class=\"elementor-section elementor-top-section elementor-element elementor-element-71af408 elementor-section-boxed elementor-section-height-default elementor-section-height-default wd-section-disabled\" data-id=\"71af408\" data-element_type=\"section\" data-e-type=\"section\">\n\t\t\t\t\t\t<div class=\"elementor-container elementor-column-gap-default\">\n\t\t\t\t\t<div class=\"elementor-column elementor-col-100 elementor-top-column elementor-element elementor-element-c34962b elementor-invisible\" data-id=\"c34962b\" data-element_type=\"column\" data-e-type=\"column\" data-settings=\"{&quot;animation&quot;:&quot;fadeInRight&quot;}\">\n\t\t\t<div class=\"elementor-widget-wrap elementor-element-populated\">\n\t\t\t\t\t\t<div class=\"elementor-element elementor-element-682b53b elementor-widget elementor-widget-wd_text_block\" data-id=\"682b53b\" data-element_type=\"widget\" data-e-type=\"widget\" data-widget_type=\"wd_text_block.default\">\n\t\t\t\t<div class=\"elementor-widget-container\">\n\t\t\t\t\t\t\t<div class=\"wd-text-block reset-last-child text-center\">\n\t\t\t\n\t\t\t<p>Erez Ronen, Horim BaReshet, 2.4.2015<\/p>\n\t\t\t\t\t<\/div>\n\t\t\t\t\t\t<\/div>\n\t\t\t\t<\/div>\n\t\t\t\t<div class=\"elementor-element elementor-element-c544a4d elementor-widget elementor-widget-wd_image_or_svg\" data-id=\"c544a4d\" data-element_type=\"widget\" data-e-type=\"widget\" data-widget_type=\"wd_image_or_svg.default\">\n\t\t\t\t<div class=\"elementor-widget-container\">\n\t\t\t\t\t\n\t\t<div class=\"wd-image text-center\">\n\t\t\t\t\t\t\t<a  href=\"https:\/\/holesinthenet.co.il\/2015\/04\/02\/%d7%9b%d7%9a_%d7%a0%d7%a8%d7%90%d7%95%d7%aa_%d7%a2%d7%a8%d7%99%d7%9d_%d7%99%d7%a9%d7%a8%d7%90%d7%9c%d7%99%d7%95%d7%aa_%d7%91%d7%aa%d7%9e%d7%95%d7%a0%d7%95%d7%aa_%d7%a4%d7%a0%d7%95%d7%a8%d7%9e%d7%99-2\/\" target=\"_blank\">\n\t\t\t\t\t\t\t\t<img loading=\"lazy\" decoding=\"async\" width=\"757\" height=\"224\" src=\"https:\/\/pan.pics\/wp-content\/uploads\/2024\/04\/2015-4-holes-headstart-t.jpg\" class=\"attachment-full size-full wp-image-17183\" alt=\"\" srcset=\"https:\/\/pan.pics\/wp-content\/uploads\/2024\/04\/2015-4-holes-headstart-t.jpg 757w, https:\/\/pan.pics\/wp-content\/uploads\/2024\/04\/2015-4-holes-headstart-t-400x118.jpg 400w, https:\/\/pan.pics\/wp-content\/uploads\/2024\/04\/2015-4-holes-headstart-t-430x127.jpg 430w, https:\/\/pan.pics\/wp-content\/uploads\/2024\/04\/2015-4-holes-headstart-t-700x207.jpg 700w, https:\/\/pan.pics\/wp-content\/uploads\/2024\/04\/2015-4-holes-headstart-t-150x44.jpg 150w\" sizes=\"(max-width: 757px) 100vw, 757px\" \/>\t\t\t\t\t\t\t<\/a>\n\t\t\t\t\t<\/div>\n\n\t\t\t\t\t\t<\/div>\n\t\t\t\t<\/div>\n\t\t\t\t\t<\/div>\n\t\t<\/div>\n\t\t\t\t\t<\/div>\n\t\t<\/section>\n\t\t\t\t<section class=\"elementor-section elementor-top-section elementor-element elementor-element-81e4c3d elementor-section-boxed elementor-section-height-default elementor-section-height-default wd-section-disabled\" data-id=\"81e4c3d\" data-element_type=\"section\" data-e-type=\"section\">\n\t\t\t\t\t\t<div class=\"elementor-container elementor-column-gap-default\">\n\t\t\t\t\t<div class=\"elementor-column elementor-col-100 elementor-top-column elementor-element elementor-element-a37baf1 elementor-invisible\" data-id=\"a37baf1\" data-element_type=\"column\" data-e-type=\"column\" data-settings=\"{&quot;animation&quot;:&quot;fadeInRight&quot;}\">\n\t\t\t<div class=\"elementor-widget-wrap elementor-element-populated\">\n\t\t\t\t\t\t<div class=\"elementor-element elementor-element-2f5b963 elementor-widget elementor-widget-menu-anchor\" data-id=\"2f5b963\" data-element_type=\"widget\" data-e-type=\"widget\" data-widget_type=\"menu-anchor.default\">\n\t\t\t\t<div class=\"elementor-widget-container\">\n\t\t\t\t\t\t\t<div class=\"elementor-menu-anchor\" id=\"naftali\"><\/div>\n\t\t\t\t\t\t<\/div>\n\t\t\t\t<\/div>\n\t\t\t\t<div class=\"elementor-element elementor-element-8dedd15 elementor-widget elementor-widget-wd_text_block\" data-id=\"8dedd15\" data-element_type=\"widget\" data-e-type=\"widget\" data-widget_type=\"wd_text_block.default\">\n\t\t\t\t<div class=\"elementor-widget-container\">\n\t\t\t\t\t\t\t<div class=\"wd-text-block reset-last-child text-center\">\n\t\t\t\n\t\t\t<p>Ruti Berman, Hadshot Netanya, 15.3.2013<\/p>\n\t\t\t\t\t<\/div>\n\t\t\t\t\t\t<\/div>\n\t\t\t\t<\/div>\n\t\t\t\t<div class=\"elementor-element elementor-element-12edfc7 elementor-widget elementor-widget-wd_image_or_svg\" data-id=\"12edfc7\" data-element_type=\"widget\" data-e-type=\"widget\" data-widget_type=\"wd_image_or_svg.default\">\n\t\t\t\t<div class=\"elementor-widget-container\">\n\t\t\t\t\t\n\t\t<div class=\"wd-image text-center\">\n\t\t\t\t\t\t\t<a  href=\"http:\/\/pan.pics\/wp-content\/uploads\/2024\/04\/2013-3-island-hadshot.jpg\" target=\"_blank\">\n\t\t\t\t\t\t\t\t<img loading=\"lazy\" decoding=\"async\" width=\"990\" height=\"353\" src=\"https:\/\/pan.pics\/wp-content\/uploads\/2024\/04\/2013-3-island-hadshot-t.jpg\" class=\"attachment-full size-full wp-image-17169\" alt=\"\" srcset=\"https:\/\/pan.pics\/wp-content\/uploads\/2024\/04\/2013-3-island-hadshot-t.jpg 990w, https:\/\/pan.pics\/wp-content\/uploads\/2024\/04\/2013-3-island-hadshot-t-400x143.jpg 400w, https:\/\/pan.pics\/wp-content\/uploads\/2024\/04\/2013-3-island-hadshot-t-768x274.jpg 768w, https:\/\/pan.pics\/wp-content\/uploads\/2024\/04\/2013-3-island-hadshot-t-860x307.jpg 860w, https:\/\/pan.pics\/wp-content\/uploads\/2024\/04\/2013-3-island-hadshot-t-430x153.jpg 430w, https:\/\/pan.pics\/wp-content\/uploads\/2024\/04\/2013-3-island-hadshot-t-700x250.jpg 700w, https:\/\/pan.pics\/wp-content\/uploads\/2024\/04\/2013-3-island-hadshot-t-150x53.jpg 150w\" sizes=\"(max-width: 990px) 100vw, 990px\" \/>\t\t\t\t\t\t\t<\/a>\n\t\t\t\t\t<\/div>\n\n\t\t\t\t\t\t<\/div>\n\t\t\t\t<\/div>\n\t\t\t\t\t<\/div>\n\t\t<\/div>\n\t\t\t\t\t<\/div>\n\t\t<\/section>\n\t\t\t\t<section class=\"elementor-section elementor-top-section elementor-element elementor-element-f3aeef1 elementor-section-boxed elementor-section-height-default elementor-section-height-default wd-section-disabled\" data-id=\"f3aeef1\" data-element_type=\"section\" data-e-type=\"section\">\n\t\t\t\t\t\t<div class=\"elementor-container elementor-column-gap-default\">\n\t\t\t\t\t<div class=\"elementor-column elementor-col-100 elementor-top-column elementor-element elementor-element-00016cb elementor-invisible\" data-id=\"00016cb\" data-element_type=\"column\" data-e-type=\"column\" data-settings=\"{&quot;animation&quot;:&quot;fadeInRight&quot;}\">\n\t\t\t<div class=\"elementor-widget-wrap elementor-element-populated\">\n\t\t\t\t\t\t<div class=\"elementor-element elementor-element-c26e6a6 elementor-widget elementor-widget-wd_text_block\" data-id=\"c26e6a6\" data-element_type=\"widget\" data-e-type=\"widget\" data-widget_type=\"wd_text_block.default\">\n\t\t\t\t<div class=\"elementor-widget-container\">\n\t\t\t\t\t\t\t<div class=\"wd-text-block reset-last-child text-center\">\n\t\t\t\n\t\t\t<p>Gal Mor, Horim BaReshet, 16.8.2011<\/p>\n\t\t\t\t\t<\/div>\n\t\t\t\t\t\t<\/div>\n\t\t\t\t<\/div>\n\t\t\t\t<div class=\"elementor-element elementor-element-c9468c1 elementor-widget elementor-widget-wd_image_or_svg\" data-id=\"c9468c1\" data-element_type=\"widget\" data-e-type=\"widget\" data-widget_type=\"wd_image_or_svg.default\">\n\t\t\t\t<div class=\"elementor-widget-container\">\n\t\t\t\t\t\n\t\t<div class=\"wd-image text-center\">\n\t\t\t\t\t\t\t<a  href=\"https:\/\/holesinthenet.co.il\/2015\/04\/08\/%d7%aa%d7%9e%d7%95%d7%a0%d7%94_%d7%9e%d7%92%d7%94_%d7%a4%d7%a0%d7%95%d7%a8%d7%9e%d7%99%d7%aa_%d7%a9%d7%9c_%d7%a2%d7%99%d7%a8_%d7%94%d7%90%d7%95%d7%94%d7%9c%d7%99%d7%9d_%d7%91%d7%a8%d7%95%d7%98%d7%a9-2\/\" target=\"_blank\">\n\t\t\t\t\t\t\t\t<img loading=\"lazy\" decoding=\"async\" width=\"805\" height=\"184\" src=\"https:\/\/pan.pics\/wp-content\/uploads\/2024\/04\/2011-8-holes-rot-t-1.jpg\" class=\"attachment-full size-full wp-image-17174\" alt=\"\" srcset=\"https:\/\/pan.pics\/wp-content\/uploads\/2024\/04\/2011-8-holes-rot-t-1.jpg 805w, https:\/\/pan.pics\/wp-content\/uploads\/2024\/04\/2011-8-holes-rot-t-1-400x91.jpg 400w, https:\/\/pan.pics\/wp-content\/uploads\/2024\/04\/2011-8-holes-rot-t-1-768x176.jpg 768w, https:\/\/pan.pics\/wp-content\/uploads\/2024\/04\/2011-8-holes-rot-t-1-430x98.jpg 430w, https:\/\/pan.pics\/wp-content\/uploads\/2024\/04\/2011-8-holes-rot-t-1-700x160.jpg 700w, https:\/\/pan.pics\/wp-content\/uploads\/2024\/04\/2011-8-holes-rot-t-1-150x34.jpg 150w\" sizes=\"(max-width: 805px) 100vw, 805px\" \/>\t\t\t\t\t\t\t<\/a>\n\t\t\t\t\t<\/div>\n\n\t\t\t\t\t\t<\/div>\n\t\t\t\t<\/div>\n\t\t\t\t\t<\/div>\n\t\t<\/div>\n\t\t\t\t\t<\/div>\n\t\t<\/section>\n\t\t\t\t<section class=\"elementor-section elementor-top-section elementor-element elementor-element-143c684 elementor-section-boxed elementor-section-height-default elementor-section-height-default wd-section-disabled\" data-id=\"143c684\" data-element_type=\"section\" data-e-type=\"section\">\n\t\t\t\t\t\t<div class=\"elementor-container elementor-column-gap-default\">\n\t\t\t\t\t<div class=\"elementor-column elementor-col-100 elementor-top-column elementor-element elementor-element-45810b7 elementor-invisible\" data-id=\"45810b7\" data-element_type=\"column\" data-e-type=\"column\" data-settings=\"{&quot;animation&quot;:&quot;fadeInRight&quot;}\">\n\t\t\t<div class=\"elementor-widget-wrap elementor-element-populated\">\n\t\t\t\t\t\t<div class=\"elementor-element elementor-element-3728a4c elementor-widget elementor-widget-wd_text_block\" data-id=\"3728a4c\" data-element_type=\"widget\" data-e-type=\"widget\" data-widget_type=\"wd_text_block.default\">\n\t\t\t\t<div class=\"elementor-widget-container\">\n\t\t\t\t\t\t\t<div class=\"wd-text-block reset-last-child text-center\">\n\t\t\t\n\t\t\t<p>Ruti Berman, Hadshot Netanya, 24.6.2011<\/p>\n\t\t\t\t\t<\/div>\n\t\t\t\t\t\t<\/div>\n\t\t\t\t<\/div>\n\t\t\t\t<div class=\"elementor-element elementor-element-4dd4d67 elementor-widget elementor-widget-wd_image_or_svg\" data-id=\"4dd4d67\" data-element_type=\"widget\" data-e-type=\"widget\" data-widget_type=\"wd_image_or_svg.default\">\n\t\t\t\t<div class=\"elementor-widget-container\">\n\t\t\t\t\t\n\t\t<div class=\"wd-image text-center\">\n\t\t\t\t\t\t\t<a  href=\"http:\/\/pan.pics\/wp-content\/uploads\/2024\/04\/2011-6-moatza-hadshot.jpg\" target=\"_blank\">\n\t\t\t\t\t\t\t\t<img loading=\"lazy\" decoding=\"async\" width=\"990\" height=\"380\" src=\"https:\/\/pan.pics\/wp-content\/uploads\/2024\/04\/2011-6-moatza-hadshot-t.jpg\" class=\"attachment-full size-full wp-image-17178\" alt=\"\" srcset=\"https:\/\/pan.pics\/wp-content\/uploads\/2024\/04\/2011-6-moatza-hadshot-t.jpg 990w, https:\/\/pan.pics\/wp-content\/uploads\/2024\/04\/2011-6-moatza-hadshot-t-400x154.jpg 400w, https:\/\/pan.pics\/wp-content\/uploads\/2024\/04\/2011-6-moatza-hadshot-t-768x295.jpg 768w, https:\/\/pan.pics\/wp-content\/uploads\/2024\/04\/2011-6-moatza-hadshot-t-860x330.jpg 860w, https:\/\/pan.pics\/wp-content\/uploads\/2024\/04\/2011-6-moatza-hadshot-t-430x165.jpg 430w, https:\/\/pan.pics\/wp-content\/uploads\/2024\/04\/2011-6-moatza-hadshot-t-700x269.jpg 700w, https:\/\/pan.pics\/wp-content\/uploads\/2024\/04\/2011-6-moatza-hadshot-t-150x58.jpg 150w\" sizes=\"(max-width: 990px) 100vw, 990px\" \/>\t\t\t\t\t\t\t<\/a>\n\t\t\t\t\t<\/div>\n\n\t\t\t\t\t\t<\/div>\n\t\t\t\t<\/div>\n\t\t\t\t\t<\/div>\n\t\t<\/div>\n\t\t\t\t\t<\/div>\n\t\t<\/section>\n\t\t\t\t<\/div>\n\t\t","protected":false},"excerpt":{"rendered":"<p>\u00dcber mich Hallo, ich bin Moti Pinhassi, Stadt- und Regionalplaner aus Netanya. Seit vielen Jahren bin ich im Bereich nachhaltige<\/p>\n","protected":false},"author":1,"featured_media":0,"parent":0,"menu_order":0,"comment_status":"closed","ping_status":"closed","template":"","meta":{"footnotes":""},"class_list":["post-27465","page","type-page","status-publish","hentry"],"_links":{"self":[{"href":"https:\/\/pan.pics\/de\/wp-json\/wp\/v2\/pages\/27465","targetHints":{"allow":["GET"]}}],"collection":[{"href":"https:\/\/pan.pics\/de\/wp-json\/wp\/v2\/pages"}],"about":[{"href":"https:\/\/pan.pics\/de\/wp-json\/wp\/v2\/types\/page"}],"author":[{"embeddable":true,"href":"https:\/\/pan.pics\/de\/wp-json\/wp\/v2\/users\/1"}],"replies":[{"embeddable":true,"href":"https:\/\/pan.pics\/de\/wp-json\/wp\/v2\/comments?post=27465"}],"version-history":[{"count":13,"href":"https:\/\/pan.pics\/de\/wp-json\/wp\/v2\/pages\/27465\/revisions"}],"predecessor-version":[{"id":27541,"href":"https:\/\/pan.pics\/de\/wp-json\/wp\/v2\/pages\/27465\/revisions\/27541"}],"wp:attachment":[{"href":"https:\/\/pan.pics\/de\/wp-json\/wp\/v2\/media?parent=27465"}],"curies":[{"name":"wp","href":"https:\/\/api.w.org\/{rel}","templated":true}]}}